{"id":81462,"date":"2023-03-13T16:43:57","date_gmt":"2023-03-13T17:43:57","guid":{"rendered":"https:\/\/2023.eva-vautier.com\/portfolio-item\/kristof-everart\/"},"modified":"2023-04-12T07:54:35","modified_gmt":"2023-04-12T08:54:35","slug":"kristof-everart","status":"publish","type":"portfolio","link":"https:\/\/eva-vautier.com\/en\/portfolio-item\/kristof-everart\/","title":{"rendered":"Kristof Everart"},"content":{"rendered":"<p>[vc_row row_type=&#8221;row&#8221; use_row_as_full_screen_section=&#8221;no&#8221; type=&#8221;full_width&#8221; text_align=&#8221;left&#8221; background_animation=&#8221;none&#8221; css_animation=&#8221;&#8221;][vc_column][vc_tabs style=&#8221;horizontal&#8221;][vc_tab title=&#8221;PRESENTATION&#8221; tab_id=&#8221;1410959083-1-0a66e-9b80&#8243;][vc_row_inner row_type=&#8221;row&#8221; type=&#8221;full_width&#8221; use_row_as_full_screen_section_slide=&#8221;no&#8221; text_align=&#8221;left&#8221; css_animation=&#8221;&#8221;][vc_column_inner][vc_column_text css=&#8221;.vc_custom_1606814554975{margin-right: 5% !important;margin-left: 5% !important;}&#8221;]<\/p>\n<div id=\"pu14899-7\" class=\"clearfix colelem\">\n<div id=\"u15633-4\" class=\"clearfix grpelem\" data-ice-editable=\"html\" data-ice-options=\"disableImageResize,none\" data-muse-uid=\"U15633\">\n<div id=\"u34877-6\" class=\"clearfix grpelem\" data-ice-editable=\"html\" data-ice-options=\"disableImageResize,none\" data-muse-uid=\"U34877\">\n<p><a href=\"http:\/\/eva-vautier.com\/wp-content\/uploads\/2014\/09\/kristof_everart.png\"><img loading=\"lazy\" decoding=\"async\" class=\"alignnone size-medium wp-image-21623\" src=\"http:\/\/eva-vautier.com\/wp-content\/uploads\/2014\/09\/kristof_everart.png\" alt=\"kristof_Everart\" width=\"199\" height=\"300\" srcset=\"https:\/\/eva-vautier.com\/wp-content\/uploads\/2014\/09\/kristof_everart.png 1486w, https:\/\/eva-vautier.com\/wp-content\/uploads\/2014\/09\/kristof_everart-800x1206.png 800w, https:\/\/eva-vautier.com\/wp-content\/uploads\/2014\/09\/kristof_everart-64x96.png 64w, https:\/\/eva-vautier.com\/wp-content\/uploads\/2014\/09\/kristof_everart-199x300.png 199w, https:\/\/eva-vautier.com\/wp-content\/uploads\/2014\/09\/kristof_everart-679x1024.png 679w, https:\/\/eva-vautier.com\/wp-content\/uploads\/2014\/09\/kristof_everart-768x1158.png 768w, https:\/\/eva-vautier.com\/wp-content\/uploads\/2014\/09\/kristof_everart-1019x1536.png 1019w, https:\/\/eva-vautier.com\/wp-content\/uploads\/2014\/09\/kristof_everart-1359x2048.png 1359w, https:\/\/eva-vautier.com\/wp-content\/uploads\/2014\/09\/kristof_everart-50x75.png 50w, https:\/\/eva-vautier.com\/wp-content\/uploads\/2014\/09\/kristof_everart-480x724.png 480w, https:\/\/eva-vautier.com\/wp-content\/uploads\/2014\/09\/kristof_everart-97x146.png 97w, https:\/\/eva-vautier.com\/wp-content\/uploads\/2014\/09\/kristof_everart-33x50.png 33w\" sizes=\"auto, (max-width:767px) 199px, 199px\" \/><\/a><\/p>\n<p>&nbsp;<\/p>\n<p style=\"text-align: justify;\"><span id=\"u34877\"><a title=\"Keepler-186f\" href=\"http:\/\/eva-vautier.com\/ARTISTE\/keepler-186f\/\"><\/a><\/span><span id=\"u34950\" class=\"actAsInlineDiv normal_text\"><span id=\"u34949-32\" class=\"actAsDiv clearfix excludeFromNormalFlow\" data-muse-uid=\"U34949\"><span class=\"actAsPara\"><a title=\"Keepler-186f\" href=\"http:\/\/eva-vautier.com\/ARTISTE\/keepler-186f\/\">Kepler 186f<\/a>, a mysterious and ambitious title. What can he be hiding?<\/span><span class=\"actAsPara\">Kepler is Johannes Kepler, a sixteenth-century German mathematician, astronomer and astrologer. It was he who determined that the planets orbit in an ellipse around the sun. He also demonstrated that their speed depended on the distance from the sun and described the movement of each planet around our sun.<\/span><span class=\"actAsPara\">Kepler is also a NASA telescope that was put into orbit in 2009, its mission: to detect exoplanets. It broke down in 2013.<\/span><span class=\"actAsPara\">Kepler 186f is the first Earth-sized exoplanet located in the habitable zone of the Kepler 186 sun. It could have water in liquid form, a sine qua non condition for the presence of life as we know it. It was in April 2014 that the false twin of our Earth was revealed to the world, to our world.<\/span><span class=\"actAsPara\">What does this have to do with Kristof Everart&#8217;s work, you might ask? Will he offer us his vision of this planet? Illustrations of his landscapes? From his campaigns? Its cities? Show us its inhabitants? Not really.<\/span><span class=\"actAsPara\">Everart&#8217;s latest works explore territories, their borders, boundaries and expanse, the passage from one territory to another, from one space to another, from one concept to another. Kepler 186f is the fantasized other, the inaccessible other, the other where everything is unknown, everything is possible. This is the main thread of this exhibition.<\/span><\/span><\/span><\/p>\n<p>&nbsp;<\/p>\n<p style=\"text-align: justify;\"><span class=\"actAsPara\">It is beyond the overlaps, Transformations of his exhibition at the Galerie des Ponchettes during the winter of 2009. It tells a story of experiences and feelings. To do this, the Eva Vautier Gallery has been transformed, it now houses a new world. The traffic is modified, new areas are born.<\/span><span class=\"actAsPara\">On the first level, the top of a mountain, the passage of a desert pass, in front of it, blocking it, a sculpture posed, luminous, a turning point and here we are in front of big paintings, moving landscapes, spots of paintings, clouds, nuances, forms to be distinguished, inviting to contemplation. An atmosphere between two states, sobriety, lightness, an abstraction at the limit of the figuration which tells us a surrealist story, a construction of the chance decided by the Architect of this world.<\/span><\/p>\n<\/div>\n<\/div>\n<p>&nbsp;<\/p>\n<div id=\"u15633-4\" class=\"clearfix grpelem\" data-ice-editable=\"html\" data-ice-options=\"disableImageResize,none\" data-muse-uid=\"U15633\">\n<div id=\"u34877-6\" class=\"clearfix grpelem\" data-ice-editable=\"html\" data-ice-options=\"disableImageResize,none\" data-muse-uid=\"U34877\">\n<p>&nbsp;<\/p>\n<p style=\"text-align: justify;\"><span class=\"actAsPara\">Upstairs, air, drawings, suspended trees, carved wood, a traffic node leading to treasures arranged here and there, a light score, music improvised by Dorian Casacci, the artist musician invited by Kristof Everart, who proposes a reading and a sound illustration of this enigmatic world. A world where, as in Twin Peaks, &#8220;there is always music in the air&#8221; and appearance can be deceiving.<\/span><span class=\"actAsPara\">More than an exhibition, Kepler 186f is a proposal, a crossing of familiar territories, that a shift makes us unknown, near and far, within reach of hand and mind. A plastic reflection on what surrounds us, on our perception, our apprehension and our sensations.<\/span><\/p>\n<p>&nbsp;<\/p>\n<p><em><span id=\"u34950\" class=\"actAsInlineDiv normal_text\"><span id=\"u34949-32\" class=\"actAsDiv clearfix excludeFromNormalFlow\" data-muse-uid=\"U34949\"><span class=\"actAsPara\">Anne-Sophie Lecharme<\/span><\/span><\/span><\/em><\/p>\n<\/div>\n<div id=\"u34884-3\" class=\"clearfix grpelem\" data-ice-editable=\"html\" data-ice-options=\"disableImageResize,none\" data-muse-uid=\"U34884\"><\/div>\n<p style=\"text-align: justify;\">\n<\/div>\n<\/div>\n<p>[\/vc_column_text][\/vc_column_inner][\/vc_row_inner][\/vc_tab][vc_tab title=&#8221;BIOGRAPHY&#8221; tab_id=&#8221;1410959496581-2-1a66e-9b80&#8243;][vc_column_text css=&#8221;.vc_custom_1606815736822{margin-right: 5% !important;margin-left: 5% !important;}&#8221;]Born in 1966, Kristof Everart lives and works in Nice.<\/p>\n<p>&nbsp;<\/p>\n<p>&nbsp;<\/p>\n<hr>\n<p>&nbsp;<\/p>\n<p>&nbsp;<\/p>\n<p style=\"text-align: justify;\"><strong>2014<\/strong><\/p>\n<p style=\"text-align: justify;\"><em>Kepler 186, <\/em>Eva Vautier Gallery<\/p>\n<p style=\"text-align: justify;\"><em>The drawing is it a political act<\/em>, at Jean Paul Aiache.<\/p>\n<p style=\"text-align: justify;\"><span style=\"color: #ffffff;\">,<\/span><\/p>\n<p style=\"text-align: justify;\"><strong>2013<\/strong><\/p>\n<p style=\"text-align: justify;\"><em>Kim Jung<\/em> Hung, at Anne Sophie Lecharme, Nice.<\/p>\n<p style=\"text-align: justify;\"><span style=\"color: #ffffff;\">,<\/span><\/p>\n<p style=\"text-align: justify;\"><strong>2012<\/strong><\/p>\n<p style=\"text-align: justify;\">Performance debate \/ <em>time and action<\/em>, Villa Arson, Nice.<\/p>\n<p style=\"text-align: justify;\">Exhibition, Espace Viershaft, Cologne.<\/p>\n<p style=\"text-align: justify;\">Mank\u00e9 Festival 2012, <em>Red November<\/em>, Cedac de Cimiez,<\/p>\n<p style=\"text-align: justify;\">Organization and presentation of a sound work.<\/p>\n<p style=\"text-align: justify;\">Manual screen printing edition &#8211; Private order.<\/p>\n<p style=\"text-align: justify;\">Edition Catalogue edition, (curator) R\u00e9gis Durand.<\/p>\n<p style=\"text-align: justify;\">Cine-Concert with The Electric Eels, Nice<\/p>\n<p style=\"text-align: justify;\"><em>Contemporary Art and the French Riviera<\/em> &#8211; A Territory for Experimentation, 1951-2011.&#8221;<\/p>\n<p style=\"text-align: justify;\">Group exhibition <em>Time for action \/ Act 1<\/em>.<\/p>\n<p style=\"text-align: justify;\"><em>A research on the history of performance<\/em>, Villa Arson, Nice.<\/p>\n<p style=\"text-align: justify;\"><span style=\"color: #ffffff;\">,<\/span><\/p>\n<p style=\"text-align: justify;\"><strong>2011<\/strong><\/p>\n<p style=\"text-align: justify;\">Ici Nice \/ Group exhibition &#8211;<em> Le sang neuf<\/em> &#8211; Nice.<\/p>\n<p style=\"text-align: justify;\">Collective exhibition in the framework of Nice 2011 \/ Hotel Windsor.<\/p>\n<p style=\"text-align: justify;\">Exhibition \/ performance \/ Villa Arson 2011,<\/p>\n<p style=\"text-align: justify;\">Private commission &#8211; installation <em>in situ<\/em> &#8211; Viershaft, Cologne.<\/p>\n<p style=\"text-align: justify;\">Concert<em> Power trio<\/em> \/ Fr\u00e9d\u00e9rik Brandy (Ciac), Marcel Bataillard, Nice.<\/p>\n<p style=\"text-align: justify;\">Outing, performance by Les Insupportables, opening night of the In &amp; Out Festival, Nice.<\/p>\n<p style=\"text-align: justify;\"><em>Les jeudis Insupportables<\/em> performances at Bar des Oiseaux, Nice.<\/p>\n<p style=\"text-align: justify;\"><span style=\"color: #ffffff;\">,<\/span><\/p>\n<p style=\"text-align: justify;\"><strong>2010<\/strong><\/p>\n<p style=\"text-align: justify;\">Selection 1% artistic College Roquefort les Pins\/ Conseil G\u00e9n\u00e9ral des AM.<\/p>\n<p style=\"text-align: justify;\">Annual&#8221; exhibition commissioned by the Windsor Hotel. Nice<\/p>\n<p style=\"text-align: justify;\">Biennial of the Umam, castle of Cagnes sur mer, museum of contemporary art.<\/p>\n<p style=\"text-align: justify;\">Group exhibition <em>Festival du Peu<\/em>, Bonson.<\/p>\n<p style=\"text-align: justify;\">Group show at Elisha Graham, New York, (art school residency)<\/p>\n<p style=\"text-align: justify;\">Exhibition <em>space fractals, time of displacement<\/em>, Faculty of Science, Nice.<\/p>\n<p style=\"text-align: justify;\">Exhibition <em>Transformations, first period<\/em> &#8221; Galerie des Ponchettes , Nice<\/p>\n<p style=\"text-align: justify;\">Curator: R\u00e9gis Durand, and the urban planning laboratory of the Faculty of Science of Nice<\/p>\n<p style=\"text-align: justify;\">Group show at Elisha Graham, New York, (art school residency)<\/p>\n<p style=\"text-align: justify;\">1st prize in the Google street photography contest. Villa Arson.<\/p>\n<p style=\"text-align: justify;\"><span style=\"color: #ffffff;\">,<\/span><\/p>\n<p style=\"text-align: justify;\"><strong>2009<\/strong><\/p>\n<p style=\"text-align: justify;\">Group exhibition <em>Made in Belgium<\/em>. Sandrine Mons Gallery, Nice.<\/p>\n<p style=\"text-align: justify;\">Exhibition &#8211; &#8220;residence&#8221;. Contemporary art space Le15, Nice.<\/p>\n<p style=\"text-align: justify;\">Exhibition \/ invitation C.i.a.c, homage to R.Hains.<\/p>\n<p style=\"text-align: justify;\">Palais de Tokyo. Collective exhibition photography \/ Free images.<\/p>\n<p style=\"text-align: justify;\">Collective exhibition \/ International Center of Contemporary Art of Carros.<\/p>\n<p style=\"text-align: justify;\">Exhibition &#8211; recovering painting &#8211; Caterina C.Gualco Gallery, Genoa, Italy<\/p>\n<p style=\"text-align: justify;\">Group exhibition \/ J Da \/ Cit\u00e9 international des Arts de Paris.<\/p>\n<p style=\"text-align: justify;\"><span style=\"color: #ffffff;\">,<\/span><\/p>\n<p style=\"text-align: justify;\"><strong>2008<\/strong><\/p>\n<p style=\"text-align: justify;\">Exhibition <em>the object of desire<\/em>, Caterina Gualco Gallery, Genoa.<\/p>\n<p style=\"text-align: justify;\">International Design Biennial. Genoa.<\/p>\n<p style=\"text-align: justify;\">Group exhibition, Mora Ferenc Museum of Contemporary Art, Szeged, Hungary.<\/p>\n<p style=\"text-align: justify;\">Exhibition &#8221; <em>Jugement de valeur&#8221;<\/em>, Centre international d&#8217;art contemporain de Carros.<\/p>\n<p style=\"text-align: justify;\">Group exhibition, Pusan Museum of Contemporary Art, Korea. Curator Fr\u00e9d\u00e9ric Brandy \/Ciac.<\/p>\n<p style=\"text-align: justify;\">Performances with <em>the Unbearable<\/em>.<\/p>\n<p style=\"text-align: justify;\">As part of Guignol&#8217;s Band, and Power Trio :<\/p>\n<p style=\"text-align: justify;\">Guignol&#8217;s Band : &#8221; formed by Marcel Bataillard and Fr\u00e9d\u00e9rik Mao Brandi, joined at the end of 1997 by Kristof Everart, proposing performances of picturo-musical terrorism, on the basis of subjects chosen for their good taste &#8220;.<\/p>\n<p style=\"text-align: justify;\">Power Trio : &#8221; exclusively musical formed by Fr\u00e9d\u00e9rik Mao Brandi, Marcel Bataillard and Kristof Everart and celebrating, in a &#8220;New New Orleans&#8221; style, the marriage of violence and your freedom.<\/p>\n<p style=\"text-align: justify;\"><span style=\"color: #ffffff;\">,<\/span><\/p>\n<p style=\"text-align: justify;\"><strong>2006<\/strong><\/p>\n<p style=\"text-align: justify;\">Performance for the night of the galleries <em>T.V. set<\/em><\/p>\n<p style=\"text-align: justify;\"><span style=\"color: #ffffff;\">,<\/span><\/p>\n<p style=\"text-align: justify;\"><strong>2006<\/strong><\/p>\n<p style=\"text-align: justify;\">Performance <em>american beauty<\/em>, May 1st party, at the Cgt, Nice<\/p>\n<p style=\"text-align: justify;\"><span style=\"color: #ffffff;\">,<\/span><\/p>\n<p style=\"text-align: justify;\"><strong>2004<\/strong><\/p>\n<p style=\"text-align: justify;\">Salon des refus\u00e9s de la foire de Nice, Mars aux mus\u00e9es, Facult\u00e9 Saint- Jean d&#8217;Angely, Nice<\/p>\n<p style=\"text-align: justify;\">September 26, Power Trio concert at J\u00fcrgen Waller&#8217;s, Vallauris, tribute to John Cage<\/p>\n<p style=\"text-align: justify;\"><span style=\"color: #ffffff;\">,<\/span><\/p>\n<p style=\"text-align: justify;\"><strong>2003<\/strong><\/p>\n<p style=\"text-align: justify;\">Power Trio concert, Louis Nu\u00e7\u00e9ra library \/ Auditorium.<\/p>\n<p style=\"text-align: justify;\">Sound performance \/ Bertrand Tavernier &#8220;Mississipi Blues<\/p>\n<p style=\"text-align: justify;\">Cutting of 40 dolls. Mamac, Fluxus in Nice The 40 years of Fluxus,<\/p>\n<p style=\"text-align: justify;\">Performance at the Dominican Church, (sympathy for the devils).<\/p>\n<p style=\"text-align: justify;\">Mank\u00e9 Festival &#8211; Power Trio and Guignols Band reunited.<\/p>\n<p style=\"text-align: justify;\"><span style=\"color: #ffffff;\">,<\/span><\/p>\n<p style=\"text-align: justify;\"><strong>2002<\/strong><\/p>\n<p style=\"text-align: justify;\">Mank\u00e9 Festival &#8211; Power Trio<\/p>\n<p style=\"text-align: justify;\"><span style=\"color: #ffffff;\">,<\/span><\/p>\n<p style=\"text-align: justify;\"><strong>2001<\/strong><\/p>\n<p style=\"text-align: justify;\">Typology of the cuckold, (Fourrier), on the occasion of a &#8220;For or against&#8221; at Ben<\/p>\n<p style=\"text-align: justify;\"><span style=\"color: #ffffff;\">,<\/span><\/p>\n<p style=\"text-align: justify;\"><strong>2000<\/strong><\/p>\n<p style=\"text-align: justify;\"><em>Nuit Bleue<\/em>, Mank\u00e9 Festival, contemporary music festival, Bar des oiseaux, Nice.<\/p>\n<p style=\"text-align: justify;\"><em>Un si\u00e8cle de musique fran\u00e7aise<\/em>, de Maurice Ravel \u00e0 Serge Gainsbourg, Harmonia Mundi, Nice.<\/p>\n<p style=\"text-align: justify;\"><span style=\"color: #ffffff;\">,<\/span><\/p>\n<p style=\"text-align: justify;\"><strong>2000<\/strong><\/p>\n<p style=\"text-align: justify;\"><em>Zone Jaune<\/em>, Mank\u00e9 Festival, contemporary music festival, Bar des oiseaux, Nice.<\/p>\n<p style=\"text-align: justify;\"><span style=\"color: #ffffff;\">,<\/span><\/p>\n<p style=\"text-align: justify;\"><strong>1999<\/strong><\/p>\n<p style=\"text-align: justify;\"><em>The long walk<\/em>, at Ivana Milovic, Saint-Paul.<\/p>\n<p style=\"text-align: justify;\"><span style=\"color: #ffffff;\">,<\/span><\/p>\n<p style=\"text-align: justify;\"><strong>1998<\/strong><\/p>\n<p style=\"text-align: justify;\">Funeral of the new School of Nice, Aspremont.<\/p>\n<p style=\"text-align: justify;\"><span style=\"color: #ffffff;\">,<\/span><\/p>\n<p style=\"text-align: justify;\"><strong>1999<\/strong><\/p>\n<p style=\"text-align: justify;\"><em>A star Sunday<\/em>, at Ivana Milovic&#8217;s, Saint-Paul.<\/p>\n<p style=\"text-align: justify;\"><em>History will acquit me<\/em>, Spring of the poets, Galerie des Ponchettes.<\/p>\n<p style=\"text-align: justify;\"><span style=\"color: #ffffff;\">,<\/span><\/p>\n<p style=\"text-align: justify;\"><strong>1998<\/strong><\/p>\n<p style=\"text-align: justify;\"><em>Dio vi salvi Regina<\/em>, Aspremont.<\/p>\n<p style=\"text-align: justify;\"><em>Pavane pour une infante d\u00e9funte<\/em>, Renoir Gallery, Nice.<\/p>\n<p style=\"text-align: justify;\"><em>Homage to Beethoven<\/em>, Galerie des Antiquaires, Nice.<\/p>\n<p>[\/vc_column_text][\/vc_tab][vc_tab title=&#8221;SELECTION OF WORKS&#8221; tab_id=&#8221;1410959083-2-8a66e-9b80&#8243;][vc_column_text css=&#8221;.vc_custom_1606816300518{margin-top: 0px !important;margin-right: 5% !important;margin-bottom: 100px !important;margin-left: 5% !important;}&#8221;]<a href=\"http:\/\/eva-vautier.com\/wp-content\/uploads\/2014\/09\/4.jpg\"><img loading=\"lazy\" decoding=\"async\" class=\"aligncenter wp-image-22989 \" src=\"http:\/\/eva-vautier.com\/wp-content\/uploads\/2014\/09\/4.jpg\" alt=\"4\" width=\"596\" height=\"335\" srcset=\"https:\/\/eva-vautier.com\/wp-content\/uploads\/2014\/09\/4.jpg 800w, https:\/\/eva-vautier.com\/wp-content\/uploads\/2014\/09\/4-64x36.jpg 64w, https:\/\/eva-vautier.com\/wp-content\/uploads\/2014\/09\/4-300x169.jpg 300w, https:\/\/eva-vautier.com\/wp-content\/uploads\/2014\/09\/4-768x432.jpg 768w, https:\/\/eva-vautier.com\/wp-content\/uploads\/2014\/09\/4-260x146.jpg 260w, https:\/\/eva-vautier.com\/wp-content\/uploads\/2014\/09\/4-50x28.jpg 50w, https:\/\/eva-vautier.com\/wp-content\/uploads\/2014\/09\/4-133x75.jpg 133w\" sizes=\"auto, (max-width:767px) 480px, 596px\" \/><\/a><\/p>\n<p style=\"text-align: center;\"><em>Poetic structure of the world<\/em>, 2014<br \/>\nMixed media, Variable dimensions<\/p>\n<p>&nbsp;<\/p>\n<p>&nbsp;<\/p>\n<p><a href=\"http:\/\/eva-vautier.com\/wp-content\/uploads\/2014\/09\/_mg_0028-copie.jpg\"><img loading=\"lazy\" decoding=\"async\" class=\"aligncenter wp-image-22984 \" src=\"http:\/\/eva-vautier.com\/wp-content\/uploads\/2014\/09\/_mg_0028-copie.jpg\" alt=\"_MG_0028 - copy\" width=\"621\" height=\"457\" srcset=\"https:\/\/eva-vautier.com\/wp-content\/uploads\/2014\/09\/_mg_0028-copie.jpg 800w, https:\/\/eva-vautier.com\/wp-content\/uploads\/2014\/09\/_mg_0028-copie-64x47.jpg 64w, https:\/\/eva-vautier.com\/wp-content\/uploads\/2014\/09\/_mg_0028-copie-300x221.jpg 300w, https:\/\/eva-vautier.com\/wp-content\/uploads\/2014\/09\/_mg_0028-copie-768x565.jpg 768w, https:\/\/eva-vautier.com\/wp-content\/uploads\/2014\/09\/_mg_0028-copie-198x146.jpg 198w, https:\/\/eva-vautier.com\/wp-content\/uploads\/2014\/09\/_mg_0028-copie-50x37.jpg 50w, https:\/\/eva-vautier.com\/wp-content\/uploads\/2014\/09\/_mg_0028-copie-102x75.jpg 102w\" sizes=\"auto, (max-width:767px) 480px, 621px\" \/><\/a><\/p>\n<p style=\"text-align: center;\"> <em>The Strenna or the sexangular snow<\/em>, 2014<br \/>\nPoly-extruded sculpture, 220 x 235 x 263 cm<\/p>\n<p>&nbsp;<\/p>\n<p>&nbsp;<\/p>\n<h6 style=\"text-align: center;\"><a href=\"http:\/\/eva-vautier.com\/wp-content\/uploads\/2014\/09\/1.jpg\"><img loading=\"lazy\" decoding=\"async\" class=\"aligncenter wp-image-22980 \" src=\"http:\/\/eva-vautier.com\/wp-content\/uploads\/2014\/09\/_mg_0022bon.jpg\" alt=\"_MG_0022good\" width=\"537\" height=\"389\" srcset=\"https:\/\/eva-vautier.com\/wp-content\/uploads\/2014\/09\/_mg_0022bon.jpg 800w, https:\/\/eva-vautier.com\/wp-content\/uploads\/2014\/09\/_mg_0022bon-64x46.jpg 64w, https:\/\/eva-vautier.com\/wp-content\/uploads\/2014\/09\/_mg_0022bon-300x217.jpg 300w, https:\/\/eva-vautier.com\/wp-content\/uploads\/2014\/09\/_mg_0022bon-768x556.jpg 768w, https:\/\/eva-vautier.com\/wp-content\/uploads\/2014\/09\/_mg_0022bon-202x146.jpg 202w, https:\/\/eva-vautier.com\/wp-content\/uploads\/2014\/09\/_mg_0022bon-50x36.jpg 50w, https:\/\/eva-vautier.com\/wp-content\/uploads\/2014\/09\/_mg_0022bon-104x75.jpg 104w\" sizes=\"auto, (max-width:767px) 480px, 537px\" \/><\/a><\/h6>\n<p style=\"text-align: center;\"><em>Astrologicus<\/em>, 2014<br \/>\nVegetation, 120 x 160 x 140 cm<\/p>\n<p>&nbsp;<\/p>\n<p>&nbsp;<\/p>\n<p>&nbsp;<\/p>\n<p><img loading=\"lazy\" decoding=\"async\" class=\"aligncenter wp-image-22978 \" src=\"http:\/\/eva-vautier.com\/wp-content\/uploads\/2014\/09\/_mg_0012-copie-copie.jpg\" alt=\"_MG_0012 - copy copy\" width=\"614\" height=\"377\" srcset=\"https:\/\/eva-vautier.com\/wp-content\/uploads\/2014\/09\/_mg_0012-copie-copie.jpg 800w, https:\/\/eva-vautier.com\/wp-content\/uploads\/2014\/09\/_mg_0012-copie-copie-64x39.jpg 64w, https:\/\/eva-vautier.com\/wp-content\/uploads\/2014\/09\/_mg_0012-copie-copie-300x184.jpg 300w, https:\/\/eva-vautier.com\/wp-content\/uploads\/2014\/09\/_mg_0012-copie-copie-768x471.jpg 768w, https:\/\/eva-vautier.com\/wp-content\/uploads\/2014\/09\/_mg_0012-copie-copie-238x146.jpg 238w, https:\/\/eva-vautier.com\/wp-content\/uploads\/2014\/09\/_mg_0012-copie-copie-50x31.jpg 50w, https:\/\/eva-vautier.com\/wp-content\/uploads\/2014\/09\/_mg_0012-copie-copie-122x75.jpg 122w\" sizes=\"auto, (max-width:767px) 480px, 614px\" \/><\/p>\n<p style=\"text-align: center;\"><em>Travel flows<\/em>, 2012<br \/>\nElectric wire, 120 x 190 cm<\/p>\n<p>&nbsp;<\/p>\n<p>&nbsp;<\/p>\n<p>&nbsp;<\/p>\n<p><a href=\"http:\/\/eva-vautier.com\/wp-content\/uploads\/2014\/09\/_mg_0010-copie.jpg\"><img loading=\"lazy\" decoding=\"async\" class=\"aligncenter wp-image-22977 \" src=\"http:\/\/eva-vautier.com\/wp-content\/uploads\/2014\/09\/_mg_0010-copie.jpg\" alt=\"_MG_0010 - copy\" width=\"447\" height=\"399\" srcset=\"https:\/\/eva-vautier.com\/wp-content\/uploads\/2014\/09\/_mg_0010-copie.jpg 800w, https:\/\/eva-vautier.com\/wp-content\/uploads\/2014\/09\/_mg_0010-copie-64x57.jpg 64w, https:\/\/eva-vautier.com\/wp-content\/uploads\/2014\/09\/_mg_0010-copie-300x268.jpg 300w, https:\/\/eva-vautier.com\/wp-content\/uploads\/2014\/09\/_mg_0010-copie-768x685.jpg 768w, https:\/\/eva-vautier.com\/wp-content\/uploads\/2014\/09\/_mg_0010-copie-164x146.jpg 164w, https:\/\/eva-vautier.com\/wp-content\/uploads\/2014\/09\/_mg_0010-copie-50x45.jpg 50w, https:\/\/eva-vautier.com\/wp-content\/uploads\/2014\/09\/_mg_0010-copie-84x75.jpg 84w\" sizes=\"auto, (max-width:767px) 447px, 447px\" \/><\/a><\/p>\n<p style=\"text-align: center;\">Untitled, 2013<br \/>\n<em>Mixed media<\/em>, 78 x 78 x 42 cm<\/p>\n<p>&nbsp;<\/p>\n<p>&nbsp;<\/p>\n<p style=\"text-align: center;\"><a href=\"http:\/\/eva-vautier.com\/wp-content\/uploads\/2014\/09\/kristof-everart-n-5626-sans-titre-2014-dessin-originaldessin-crayon-sur-carton-bois-70-x-50-cm.jpg\"><img loading=\"lazy\" decoding=\"async\" class=\"alignnone wp-image-23640\" src=\"http:\/\/eva-vautier.com\/wp-content\/uploads\/2014\/09\/kristof-everart-n-5626-sans-titre-2014-dessin-originaldessin-crayon-sur-carton-bois-70-x-50-cm.jpg\" alt=\"Kristof Everart No. 5626 [Untitled] 2014 Original drawingPencil drawing on wood board 70 X 50 cm\" width=\"284\" height=\"392\" srcset=\"https:\/\/eva-vautier.com\/wp-content\/uploads\/2014\/09\/kristof-everart-n-5626-sans-titre-2014-dessin-originaldessin-crayon-sur-carton-bois-70-x-50-cm.jpg 362w, https:\/\/eva-vautier.com\/wp-content\/uploads\/2014\/09\/kristof-everart-n-5626-sans-titre-2014-dessin-originaldessin-crayon-sur-carton-bois-70-x-50-cm-64x88.jpg 64w, https:\/\/eva-vautier.com\/wp-content\/uploads\/2014\/09\/kristof-everart-n-5626-sans-titre-2014-dessin-originaldessin-crayon-sur-carton-bois-70-x-50-cm-217x300.jpg 217w, https:\/\/eva-vautier.com\/wp-content\/uploads\/2014\/09\/kristof-everart-n-5626-sans-titre-2014-dessin-originaldessin-crayon-sur-carton-bois-70-x-50-cm-106x146.jpg 106w, https:\/\/eva-vautier.com\/wp-content\/uploads\/2014\/09\/kristof-everart-n-5626-sans-titre-2014-dessin-originaldessin-crayon-sur-carton-bois-70-x-50-cm-36x50.jpg 36w, https:\/\/eva-vautier.com\/wp-content\/uploads\/2014\/09\/kristof-everart-n-5626-sans-titre-2014-dessin-originaldessin-crayon-sur-carton-bois-70-x-50-cm-54x75.jpg 54w\" sizes=\"auto, (max-width:767px) 284px, 284px\" \/><\/a><\/p>\n<p style=\"text-align: center;\"><em>Untitled<\/em>, 2014<br \/>\nOriginal drawing, pencil drawing on wooden board, 70 X 50 cm<\/p>\n<p>[\/vc_column_text][\/vc_tab][vc_tab title=&#8221;EXHIBITION AT THE GALLERY&#8221; tab_id=&#8221;1411151051275-5-1a66e-9b80&#8243;][vc_column_text]<\/p>\n<p style=\"text-align: center;\"><strong>Kepler 186f<\/strong><\/p>\n<p style=\"text-align: center;\">Exhibition from June 28 to September 6, 2014<\/p>\n<p style=\"text-align: center;\">  Opening on Friday, June 27, 2014<\/p>\n<p style=\"text-align: center;\"><a href=\"http:\/\/eva-vautier.com\/ARTISTE\/keepler-186f\/\" target=\"_blank\" rel=\"noopener noreferrer\"><img loading=\"lazy\" decoding=\"async\" class=\"alignnone wp-image-22683\" src=\"http:\/\/eva-vautier.com\/wp-content\/uploads\/2014\/09\/keplercarton-copie1.jpg\" alt=\"keplercarton - copy\" width=\"251\" height=\"356\" srcset=\"https:\/\/eva-vautier.com\/wp-content\/uploads\/2014\/09\/keplercarton-copie1.jpg 799w, https:\/\/eva-vautier.com\/wp-content\/uploads\/2014\/09\/keplercarton-copie1-64x91.jpg 64w, https:\/\/eva-vautier.com\/wp-content\/uploads\/2014\/09\/keplercarton-copie1-211x300.jpg 211w, https:\/\/eva-vautier.com\/wp-content\/uploads\/2014\/09\/keplercarton-copie1-721x1024.jpg 721w, https:\/\/eva-vautier.com\/wp-content\/uploads\/2014\/09\/keplercarton-copie1-768x1090.jpg 768w, https:\/\/eva-vautier.com\/wp-content\/uploads\/2014\/09\/keplercarton-copie1-53x75.jpg 53w, https:\/\/eva-vautier.com\/wp-content\/uploads\/2014\/09\/keplercarton-copie1-480x681.jpg 480w, https:\/\/eva-vautier.com\/wp-content\/uploads\/2014\/09\/keplercarton-copie1-103x146.jpg 103w, https:\/\/eva-vautier.com\/wp-content\/uploads\/2014\/09\/keplercarton-copie1-35x50.jpg 35w\" sizes=\"auto, (max-width:767px) 251px, 251px\" \/><\/a><\/p>\n<p>&nbsp;<\/p>\n<p>[\/vc_column_text][\/vc_tab][vc_tab title=&#8221;SERIGRAPHY&#8221; tab_id=&#8221;1423850413804-6-9&#8243;][vc_column_text]<strong><a href=\"http:\/\/store.eva-vautier.com\/56-kristof-everart\" target=\"_blank\" rel=\"noopener noreferrer\">Find the silkscreen prints on the gallery&#8217;s store<\/a><\/strong><\/p>\n<p style=\"text-align: center;\"><span style=\"color: #ffffff;\">&#8211;<\/span><\/p>\n<p><a href=\"http:\/\/store.eva-vautier.com\/serigraphies\/60-donalds-revenge-3-stephane-steiner.html\" target=\"_blank\" rel=\"noopener noreferrer\"><img loading=\"lazy\" decoding=\"async\" class=\"wp-image-23641 aligncenter\" src=\"http:\/\/eva-vautier.com\/wp-content\/uploads\/2014\/09\/kristof-everart-n-2074-sans-titre-2014-serigraphie-monochrome-sur-papier-velin-darches-250g-bords-franges-grain-torchon-tirage-25-epreuvres-23-x-33-cm-eva-vautier.jpg\" alt=\"Kristof Everart n\u00b0 2074 [Untitled] 2014 Monochrome screen print on Velin dArches 250g paper. Edges fringed with torchon grain. 25 proofs... 23 x 33 cm \u00a9Eva Vautier\" width=\"377\" height=\"257\" srcset=\"https:\/\/eva-vautier.com\/wp-content\/uploads\/2014\/09\/kristof-everart-n-2074-sans-titre-2014-serigraphie-monochrome-sur-papier-velin-darches-250g-bords-franges-grain-torchon-tirage-25-epreuvres-23-x-33-cm-eva-vautier.jpg 500w, https:\/\/eva-vautier.com\/wp-content\/uploads\/2014\/09\/kristof-everart-n-2074-sans-titre-2014-serigraphie-monochrome-sur-papier-velin-darches-250g-bords-franges-grain-torchon-tirage-25-epreuvres-23-x-33-cm-eva-vautier-64x44.jpg 64w, https:\/\/eva-vautier.com\/wp-content\/uploads\/2014\/09\/kristof-everart-n-2074-sans-titre-2014-serigraphie-monochrome-sur-papier-velin-darches-250g-bords-franges-grain-torchon-tirage-25-epreuvres-23-x-33-cm-eva-vautier-300x205.jpg 300w, https:\/\/eva-vautier.com\/wp-content\/uploads\/2014\/09\/kristof-everart-n-2074-sans-titre-2014-serigraphie-monochrome-sur-papier-velin-darches-250g-bords-franges-grain-torchon-tirage-25-epreuvres-23-x-33-cm-eva-vautier-214x146.jpg 214w, https:\/\/eva-vautier.com\/wp-content\/uploads\/2014\/09\/kristof-everart-n-2074-sans-titre-2014-serigraphie-monochrome-sur-papier-velin-darches-250g-bords-franges-grain-torchon-tirage-25-epreuvres-23-x-33-cm-eva-vautier-50x34.jpg 50w, https:\/\/eva-vautier.com\/wp-content\/uploads\/2014\/09\/kristof-everart-n-2074-sans-titre-2014-serigraphie-monochrome-sur-papier-velin-darches-250g-bords-franges-grain-torchon-tirage-25-epreuvres-23-x-33-cm-eva-vautier-110x75.jpg 110w\" sizes=\"auto, (max-width:767px) 377px, 377px\" \/><\/a><\/p>\n<p>&nbsp;<\/p>\n<p style=\"text-align: center;\"><span style=\"color: #ffffff;\">&#8211;<\/span><\/p>\n<p style=\"text-align: center;\">Kristof Everart, <em>Untitled<\/em>, 2014, 23 x 33 cm<br \/>\nMonochrome silkscreen on Velin d&#8217;Arches 250g paper,<br \/>\nEdges fringed with torchon grain, Edition of 25 proofs numbered from 1 to 25<\/p>\n<p style=\"text-align: center;\"><span style=\"color: #ffffff;\">&#8211;<\/span><\/p>\n<p style=\"text-align: center;\"><a href=\"http:\/\/store.eva-vautier.com\/serigraphies\/75-chataigner-sans-cantonnier-kristof-everart.html\" target=\"_blank\" rel=\"noopener noreferrer\"><img loading=\"lazy\" decoding=\"async\" class=\"alignnone size-full wp-image-23642\" src=\"http:\/\/eva-vautier.com\/wp-content\/uploads\/2014\/09\/kristof-everart-n-2076-chtaigner-sans-cantonnier-2014-serigraphie-deux-couleurs-sur-papier-grain-torchon-fabriano-300-gr-tirage-25-exemplaires-numerotes-et-50-x-40-cm.jpg\" alt=\"Kristof Everart n\u00b0 2076 [Chtaigner sans cantonnier] 2014 Two color silkscreen on rag paper. Fabriano 300 gr. Edition 25 copies numbered and... 50 x 40 cm\" width=\"326\" height=\"400\" srcset=\"https:\/\/eva-vautier.com\/wp-content\/uploads\/2014\/09\/kristof-everart-n-2076-chtaigner-sans-cantonnier-2014-serigraphie-deux-couleurs-sur-papier-grain-torchon-fabriano-300-gr-tirage-25-exemplaires-numerotes-et-50-x-40-cm.jpg 326w, https:\/\/eva-vautier.com\/wp-content\/uploads\/2014\/09\/kristof-everart-n-2076-chtaigner-sans-cantonnier-2014-serigraphie-deux-couleurs-sur-papier-grain-torchon-fabriano-300-gr-tirage-25-exemplaires-numerotes-et-50-x-40-cm-64x79.jpg 64w, https:\/\/eva-vautier.com\/wp-content\/uploads\/2014\/09\/kristof-everart-n-2076-chtaigner-sans-cantonnier-2014-serigraphie-deux-couleurs-sur-papier-grain-torchon-fabriano-300-gr-tirage-25-exemplaires-numerotes-et-50-x-40-cm-245x300.jpg 245w, https:\/\/eva-vautier.com\/wp-content\/uploads\/2014\/09\/kristof-everart-n-2076-chtaigner-sans-cantonnier-2014-serigraphie-deux-couleurs-sur-papier-grain-torchon-fabriano-300-gr-tirage-25-exemplaires-numerotes-et-50-x-40-cm-119x146.jpg 119w, https:\/\/eva-vautier.com\/wp-content\/uploads\/2014\/09\/kristof-everart-n-2076-chtaigner-sans-cantonnier-2014-serigraphie-deux-couleurs-sur-papier-grain-torchon-fabriano-300-gr-tirage-25-exemplaires-numerotes-et-50-x-40-cm-41x50.jpg 41w, https:\/\/eva-vautier.com\/wp-content\/uploads\/2014\/09\/kristof-everart-n-2076-chtaigner-sans-cantonnier-2014-serigraphie-deux-couleurs-sur-papier-grain-torchon-fabriano-300-gr-tirage-25-exemplaires-numerotes-et-50-x-40-cm-61x75.jpg 61w\" sizes=\"auto, (max-width:767px) 326px, 326px\" \/><\/a><\/p>\n<p style=\"text-align: center;\">Kristof Everart, <em>Chestnut tree without a roadman<\/em>, 2014,<br \/>\nNice 50 x 40 cm, Two color silkscreen<br \/>\non rag paper. Fabriano 300 gr Edition 25 copies<\/p>\n<p>[\/vc_column_text][\/vc_tab][vc_tab title=&#8221;PRESS RELEASES&#8221; tab_id=&#8221;1416924962483-6-10&#8243;][vc_gallery type=&#8221;image_grid&#8221; images=&#8221;70353,70352&#8243; img_size=&#8221;large&#8221; column_number=&#8221;2&#8243; grayscale=&#8221;no&#8221; space_between_images=&#8221;no&#8221;][\/vc_tab][vc_tab title=&#8221;EXTERNAL DOCUMENTATION&#8221; tab_id=&#8221;1410959544887-4-0a66e-9b80&#8243;][vc_column_text]<strong>In progress<\/strong>[\/vc_column_text][\/vc_tab][\/vc_tabs][\/vc_column][\/vc_row][vc_row row_type=&#8221;row&#8221; use_row_as_full_screen_section=&#8221;no&#8221; type=&#8221;full_width&#8221; text_align=&#8221;left&#8221; background_animation=&#8221;none&#8221; css_animation=&#8221;&#8221;][vc_column][\/vc_column][\/vc_row]<\/p>\n","protected":false},"excerpt":{"rendered":"<p><span class=\"excerpt-hellip\"> [\u2026]<\/span><\/p>\n","protected":false},"author":1,"featured_media":0,"menu_order":0,"comment_status":"open","ping_status":"open","template":"","meta":[],"portfolio-types":[],"class_list":["post-81462","portfolio","type-portfolio","status-publish","hentry"],"yoast_head":"<!-- This site is optimized with the Yoast SEO plugin v27.5 - https:\/\/yoast.com\/product\/yoast-seo-wordpress\/ -->\n<title>Kristof Everart ~ Galerie Eva Vautier<\/title>\n<meta name=\"robots\" content=\"index, follow, max-snippet:-1, max-image-preview:large, max-video-preview:-1\" \/>\n<link rel=\"canonical\" href=\"https:\/\/eva-vautier.com\/en\/portfolio-item\/kristof-everart\/\" \/>\n<meta property=\"og:locale\" content=\"en_US\" \/>\n<meta property=\"og:type\" content=\"article\" \/>\n<meta property=\"og:title\" content=\"Kristof Everart ~ Galerie Eva Vautier\" \/>\n<meta property=\"og:description\" content=\"[\u2026]\" \/>\n<meta property=\"og:url\" content=\"https:\/\/eva-vautier.com\/en\/portfolio-item\/kristof-everart\/\" \/>\n<meta property=\"og:site_name\" content=\"Galerie Eva Vautier\" \/>\n<meta property=\"article:publisher\" content=\"https:\/\/www.facebook.com\/evavautier\/\" \/>\n<meta property=\"article:modified_time\" content=\"2023-04-12T08:54:35+00:00\" \/>\n<meta property=\"og:image\" content=\"http:\/\/eva-vautier.com\/wp-content\/uploads\/2014\/09\/kristof_everart.png\" \/>\n<meta name=\"twitter:card\" content=\"summary_large_image\" \/>\n<meta name=\"twitter:site\" content=\"@EvaVautier\" \/>\n<meta name=\"twitter:label1\" content=\"Est. reading time\" \/>\n\t<meta name=\"twitter:data1\" content=\"8 minutes\" \/>\n<script type=\"application\/ld+json\" class=\"yoast-schema-graph\">{\"@context\":\"https:\\\/\\\/schema.org\",\"@graph\":[{\"@type\":\"WebPage\",\"@id\":\"https:\\\/\\\/eva-vautier.com\\\/en\\\/portfolio-item\\\/kristof-everart\\\/\",\"url\":\"https:\\\/\\\/eva-vautier.com\\\/en\\\/portfolio-item\\\/kristof-everart\\\/\",\"name\":\"Kristof Everart ~ Galerie Eva Vautier\",\"isPartOf\":{\"@id\":\"https:\\\/\\\/eva-vautier.com\\\/en\\\/#website\"},\"primaryImageOfPage\":{\"@id\":\"https:\\\/\\\/eva-vautier.com\\\/en\\\/portfolio-item\\\/kristof-everart\\\/#primaryimage\"},\"image\":{\"@id\":\"https:\\\/\\\/eva-vautier.com\\\/en\\\/portfolio-item\\\/kristof-everart\\\/#primaryimage\"},\"thumbnailUrl\":\"http:\\\/\\\/eva-vautier.com\\\/wp-content\\\/uploads\\\/2014\\\/09\\\/kristof_everart.png\",\"datePublished\":\"2023-03-13T17:43:57+00:00\",\"dateModified\":\"2023-04-12T08:54:35+00:00\",\"inLanguage\":\"en-US\",\"potentialAction\":[{\"@type\":\"ReadAction\",\"target\":[\"https:\\\/\\\/eva-vautier.com\\\/en\\\/portfolio-item\\\/kristof-everart\\\/\"]}]},{\"@type\":\"ImageObject\",\"inLanguage\":\"en-US\",\"@id\":\"https:\\\/\\\/eva-vautier.com\\\/en\\\/portfolio-item\\\/kristof-everart\\\/#primaryimage\",\"url\":\"http:\\\/\\\/eva-vautier.com\\\/wp-content\\\/uploads\\\/2014\\\/09\\\/kristof_everart.png\",\"contentUrl\":\"http:\\\/\\\/eva-vautier.com\\\/wp-content\\\/uploads\\\/2014\\\/09\\\/kristof_everart.png\"},{\"@type\":\"WebSite\",\"@id\":\"https:\\\/\\\/eva-vautier.com\\\/en\\\/#website\",\"url\":\"https:\\\/\\\/eva-vautier.com\\\/en\\\/\",\"name\":\"Galerie Eva Vautier\",\"description\":\"Galerie d&#039;art contemporain\",\"publisher\":{\"@id\":\"https:\\\/\\\/eva-vautier.com\\\/en\\\/#organization\"},\"potentialAction\":[{\"@type\":\"SearchAction\",\"target\":{\"@type\":\"EntryPoint\",\"urlTemplate\":\"https:\\\/\\\/eva-vautier.com\\\/en\\\/?s={search_term_string}\"},\"query-input\":{\"@type\":\"PropertyValueSpecification\",\"valueRequired\":true,\"valueName\":\"search_term_string\"}}],\"inLanguage\":\"en-US\"},{\"@type\":\"Organization\",\"@id\":\"https:\\\/\\\/eva-vautier.com\\\/en\\\/#organization\",\"name\":\"Galerie Eva Vautier\",\"url\":\"https:\\\/\\\/eva-vautier.com\\\/en\\\/\",\"logo\":{\"@type\":\"ImageObject\",\"inLanguage\":\"en-US\",\"@id\":\"https:\\\/\\\/eva-vautier.com\\\/en\\\/#\\\/schema\\\/logo\\\/image\\\/\",\"url\":\"http:\\\/\\\/eva-vautier.com\\\/wp-content\\\/uploads\\\/2018\\\/09\\\/logo-galerie-illustrator-04-1.png\",\"contentUrl\":\"http:\\\/\\\/eva-vautier.com\\\/wp-content\\\/uploads\\\/2018\\\/09\\\/logo-galerie-illustrator-04-1.png\",\"width\":200,\"height\":24,\"caption\":\"Galerie Eva Vautier\"},\"image\":{\"@id\":\"https:\\\/\\\/eva-vautier.com\\\/en\\\/#\\\/schema\\\/logo\\\/image\\\/\"},\"sameAs\":[\"https:\\\/\\\/www.facebook.com\\\/evavautier\\\/\",\"https:\\\/\\\/x.com\\\/EvaVautier\",\"https:\\\/\\\/www.instagram.com\\\/galerieevavautier\\\/\"]}]}<\/script>\n<!-- \/ Yoast SEO plugin. -->","yoast_head_json":{"title":"Kristof Everart ~ Galerie Eva Vautier","robots":{"index":"index","follow":"follow","max-snippet":"max-snippet:-1","max-image-preview":"max-image-preview:large","max-video-preview":"max-video-preview:-1"},"canonical":"https:\/\/eva-vautier.com\/en\/portfolio-item\/kristof-everart\/","og_locale":"en_US","og_type":"article","og_title":"Kristof Everart ~ Galerie Eva Vautier","og_description":"[\u2026]","og_url":"https:\/\/eva-vautier.com\/en\/portfolio-item\/kristof-everart\/","og_site_name":"Galerie Eva Vautier","article_publisher":"https:\/\/www.facebook.com\/evavautier\/","article_modified_time":"2023-04-12T08:54:35+00:00","og_image":[{"url":"http:\/\/eva-vautier.com\/wp-content\/uploads\/2014\/09\/kristof_everart.png","type":"","width":"","height":""}],"twitter_card":"summary_large_image","twitter_site":"@EvaVautier","twitter_misc":{"Est. reading time":"8 minutes"},"schema":{"@context":"https:\/\/schema.org","@graph":[{"@type":"WebPage","@id":"https:\/\/eva-vautier.com\/en\/portfolio-item\/kristof-everart\/","url":"https:\/\/eva-vautier.com\/en\/portfolio-item\/kristof-everart\/","name":"Kristof Everart ~ Galerie Eva Vautier","isPartOf":{"@id":"https:\/\/eva-vautier.com\/en\/#website"},"primaryImageOfPage":{"@id":"https:\/\/eva-vautier.com\/en\/portfolio-item\/kristof-everart\/#primaryimage"},"image":{"@id":"https:\/\/eva-vautier.com\/en\/portfolio-item\/kristof-everart\/#primaryimage"},"thumbnailUrl":"http:\/\/eva-vautier.com\/wp-content\/uploads\/2014\/09\/kristof_everart.png","datePublished":"2023-03-13T17:43:57+00:00","dateModified":"2023-04-12T08:54:35+00:00","inLanguage":"en-US","potentialAction":[{"@type":"ReadAction","target":["https:\/\/eva-vautier.com\/en\/portfolio-item\/kristof-everart\/"]}]},{"@type":"ImageObject","inLanguage":"en-US","@id":"https:\/\/eva-vautier.com\/en\/portfolio-item\/kristof-everart\/#primaryimage","url":"http:\/\/eva-vautier.com\/wp-content\/uploads\/2014\/09\/kristof_everart.png","contentUrl":"http:\/\/eva-vautier.com\/wp-content\/uploads\/2014\/09\/kristof_everart.png"},{"@type":"WebSite","@id":"https:\/\/eva-vautier.com\/en\/#website","url":"https:\/\/eva-vautier.com\/en\/","name":"Galerie Eva Vautier","description":"Galerie d&#039;art contemporain","publisher":{"@id":"https:\/\/eva-vautier.com\/en\/#organization"},"potentialAction":[{"@type":"SearchAction","target":{"@type":"EntryPoint","urlTemplate":"https:\/\/eva-vautier.com\/en\/?s={search_term_string}"},"query-input":{"@type":"PropertyValueSpecification","valueRequired":true,"valueName":"search_term_string"}}],"inLanguage":"en-US"},{"@type":"Organization","@id":"https:\/\/eva-vautier.com\/en\/#organization","name":"Galerie Eva Vautier","url":"https:\/\/eva-vautier.com\/en\/","logo":{"@type":"ImageObject","inLanguage":"en-US","@id":"https:\/\/eva-vautier.com\/en\/#\/schema\/logo\/image\/","url":"http:\/\/eva-vautier.com\/wp-content\/uploads\/2018\/09\/logo-galerie-illustrator-04-1.png","contentUrl":"http:\/\/eva-vautier.com\/wp-content\/uploads\/2018\/09\/logo-galerie-illustrator-04-1.png","width":200,"height":24,"caption":"Galerie Eva Vautier"},"image":{"@id":"https:\/\/eva-vautier.com\/en\/#\/schema\/logo\/image\/"},"sameAs":["https:\/\/www.facebook.com\/evavautier\/","https:\/\/x.com\/EvaVautier","https:\/\/www.instagram.com\/galerieevavautier\/"]}]}},"_links":{"self":[{"href":"https:\/\/eva-vautier.com\/en\/wp-json\/wp\/v2\/portfolio\/81462","targetHints":{"allow":["GET"]}}],"collection":[{"href":"https:\/\/eva-vautier.com\/en\/wp-json\/wp\/v2\/portfolio"}],"about":[{"href":"https:\/\/eva-vautier.com\/en\/wp-json\/wp\/v2\/types\/portfolio"}],"author":[{"embeddable":true,"href":"https:\/\/eva-vautier.com\/en\/wp-json\/wp\/v2\/users\/1"}],"replies":[{"embeddable":true,"href":"https:\/\/eva-vautier.com\/en\/wp-json\/wp\/v2\/comments?post=81462"}],"wp:attachment":[{"href":"https:\/\/eva-vautier.com\/en\/wp-json\/wp\/v2\/media?parent=81462"}],"wp:term":[{"taxonomy":"portfolio-types","embeddable":true,"href":"https:\/\/eva-vautier.com\/en\/wp-json\/wp\/v2\/portfolio-types?post=81462"}],"curies":[{"name":"wp","href":"https:\/\/api.w.org\/{rel}","templated":true}]}}