{"id":81459,"date":"2023-03-13T16:44:25","date_gmt":"2023-03-13T17:44:25","guid":{"rendered":"https:\/\/2023.eva-vautier.com\/portfolio-item\/david-ancelin\/"},"modified":"2023-04-12T07:54:35","modified_gmt":"2023-04-12T08:54:35","slug":"david-ancelin","status":"publish","type":"portfolio","link":"https:\/\/eva-vautier.com\/en\/portfolio-item\/david-ancelin\/","title":{"rendered":"David Ancelin"},"content":{"rendered":"<p>[vc_row][vc_column][vc_tabs style=&#8221;vertical_left&#8221;][vc_tab title=&#8221;PR\u00c9SENTATION&#8221; tab_id=&#8221;1410959083-1-033f7-6b51&#8243;][vc_row_inner][vc_column_inner width=&#8221;1\/1&#8243;][vc_column_text]<\/p>\n<div id=\"pu14899-7\" class=\"clearfix colelem\">\n<div id=\"u15633-4\" class=\"clearfix grpelem\" data-ice-editable=\"html\" data-ice-options=\"disableImageResize,none\" data-muse-uid=\"U15633\">\n<div id=\"pu30878-3\" class=\"clearfix colelem\">\n<div id=\"u30958-25\" class=\"clearfix grpelem\" data-ice-editable=\"html\" data-ice-options=\"disableImageResize,none\" data-muse-uid=\"U30958\">\n<div id=\"pu30876-3\" class=\"clearfix colelem\">\u00a0David Ancelin vit et travaille \u00e0 Paris, il enseigne la s\u00e9rigraphie \u00e0 l\u2019Institut sup\u00e9rieur des arts de Toulouse. Certains de ses travaux sont pr\u00e9sents dans la collection du Mamco \u00e0 Gen\u00e8ve et dans des collections priv\u00e9es. Il a notamment expos\u00e9 au Palais de Tokyo et \u00e0 la Monnaie de Paris. David est repr\u00e9sent\u00e9 par la galerie Eva Vautier \u00e0 Nice et par la Jiali gallery \u00e0 P\u00e9kin.<\/div>\n<div class=\"page\" title=\"Page 2\">\n<div class=\"layoutArea\">\n<div class=\"column\">\n<p style=\"text-align: justify;\">Son exposition personnelle <a title=\"\u00f4 sole mio\" href=\"http:\/\/eva-vautier.com\/ARTISTE\/o-sole-mio\/\">\u00abO Sole Mio\u00bb<\/a> pr\u00e9sent\u00e9e \u00e0 la galerie Eva Vautier le 29 mars regroupera des travaux r\u00e9cents de s\u00e9rigraphie, sculpture, vid\u00e9o, peinture et dessin, jouant avec les volumes de l\u2019espace d\u2019exposition.<\/p>\n<p style=\"text-align: justify;\">En glanant \u00e7\u00e0 et l\u00e0 des objets au rebut ou oubli\u00e9s du circuit, David Ancelin entreprend une analyse des potentiels sculpturaux de leurs volumes. C\u2019est aussi pour leur imm\u00e9diatet\u00e9 d\u2019identification, leur sens commun sous-jacent, que ces formes sont s\u00e9lectionn\u00e9es. Les objets ainsi r\u00e9cup\u00e9r\u00e9s sont ensuite manipul\u00e9s et analys\u00e9s. Certains aspects, techniques, esth\u00e9tiques ou po\u00e9tiques, permettent de faire et d\u00e9faire des n\u0153uds de sens. C\u2019est l\u00e0 que s\u2019articule une m\u00e9canique lyrique entre les mat\u00e9riaux et ce qu\u2019ils sugg\u00e8rent.<\/p>\n<p style=\"text-align: justify;\">\u00c1 ces manipulations plastiques viennent se greffer des r\u00e9f\u00e9rents banals (maritimes, urbains) pr\u00e9textes \u00e0 une mise en espace. Les travaux, dans leur autonomie, jouent de leurs positions fragiles et instables. Ils se servent de ce postulat d\u2019\u00e9tat comme socle hasardeux et bancal afin de se maintenir entre les murs de l\u2019espace d\u2019exposition. Sculptures, s\u00e9rigraphies, dessins ou peintures se r\u00e9pondent par associations d\u2019id\u00e9es, correspondances esth\u00e9tiques, cr\u00e9ant des ponts plastiques entre plan\u00e9it\u00e9 et volume, unicit\u00e9 et multiple. Les bribes narratives se croisent et se r\u00e9pondent tissant ainsi les fils imaginaires d\u2019une toile abstraite insaisissable. Il y r\u00e9side un rapport irr\u00e9solu entre une interpr\u00e9tation formelle et sa traduction litt\u00e9rale. L\u2019 ensemble reste en suspens, d\u00e9fiant un \u00e9quilibre de la pesanteur et du discours.<\/p>\n<p style=\"text-align: justify;\">David Ancelin proposera \u00e9galement une s\u00e9lection de s\u00e9rigraphies d\u2019artistes de son projet collectif du \u00abMacumba night club \u00e9ditions\u00bb dont l\u2019accrochage sera d\u00e9cid\u00e9 jour apr\u00e8s jour par la galerie durant toute la dur\u00e9e de l\u2019exposition.<\/p>\n<\/div>\n<\/div>\n<\/div>\n<\/div>\n<\/div>\n<\/div>\n<\/div>\n<p>[\/vc_column_text][\/vc_column_inner][\/vc_row_inner][\/vc_tab][vc_tab title=&#8221;S\u00c9LECTION D&#8217;OEUVRES&#8221; tab_id=&#8221;1410959083-2-833f7-6b51&#8243;][vc_column_text]<\/p>\n<div id=\"attachment_23491\" style=\"width: 416px\" class=\"wp-caption aligncenter\"><a href=\"http:\/\/eva-vautier.com\/wp-content\/uploads\/2015\/02\/Sans-titre-114.jpg\"><img loading=\"lazy\" decoding=\"async\" aria-describedby=\"caption-attachment-23491\" class=\"wp-image-23491 \" src=\"http:\/\/eva-vautier.com\/wp-content\/uploads\/2015\/02\/Sans-titre-114.jpg\" alt=\"\" width=\"406\" height=\"254\" srcset=\"https:\/\/eva-vautier.com\/wp-content\/uploads\/2015\/02\/Sans-titre-114.jpg 800w, https:\/\/eva-vautier.com\/wp-content\/uploads\/2015\/02\/Sans-titre-114-64x40.jpg 64w\" sizes=\"auto, (max-width:767px) 406px, 406px\" \/><\/a><p id=\"caption-attachment-23491\" class=\"wp-caption-text\">David Ancelin, S\u00e9rigraphie d\u2019une photographie du reflet du paysage dans une cuve en acier sur le march\u00e9 de l\u2019acier inoxydable au sud de P\u00e9kin S\u00e9rie Short Cuts, 2013, 57 x 77 cm, S\u00e9rigraphie sur bois laqu\u00e9, pi\u00e8ce unique<\/p><\/div>\n<h6 style=\"text-align: center;\"><\/h6>\n<p>&nbsp;<\/p>\n<div id=\"attachment_23493\" style=\"width: 485px\" class=\"wp-caption aligncenter\"><a href=\"http:\/\/eva-vautier.com\/wp-content\/uploads\/2015\/02\/Sans-titre-115.jpg\"><img loading=\"lazy\" decoding=\"async\" aria-describedby=\"caption-attachment-23493\" class=\"wp-image-23493 \" src=\"http:\/\/eva-vautier.com\/wp-content\/uploads\/2015\/02\/Sans-titre-115.jpg\" alt=\"\" width=\"475\" height=\"297\" srcset=\"https:\/\/eva-vautier.com\/wp-content\/uploads\/2015\/02\/Sans-titre-115.jpg 800w, https:\/\/eva-vautier.com\/wp-content\/uploads\/2015\/02\/Sans-titre-115-64x40.jpg 64w, https:\/\/eva-vautier.com\/wp-content\/uploads\/2015\/02\/Sans-titre-115-300x188.jpg 300w, https:\/\/eva-vautier.com\/wp-content\/uploads\/2015\/02\/Sans-titre-115-768x480.jpg 768w, https:\/\/eva-vautier.com\/wp-content\/uploads\/2015\/02\/Sans-titre-115-234x146.jpg 234w, https:\/\/eva-vautier.com\/wp-content\/uploads\/2015\/02\/Sans-titre-115-50x31.jpg 50w, https:\/\/eva-vautier.com\/wp-content\/uploads\/2015\/02\/Sans-titre-115-120x75.jpg 120w\" sizes=\"auto, (max-width:767px) 475px, 475px\" \/><\/a><p id=\"caption-attachment-23493\" class=\"wp-caption-text\">David Ancelin, Sans titre, (la barque), 2014, 150 x 100 cm, S\u00e9rigraphie sur plaque d\u2019acier inoxydable, polish<\/p><\/div>\n<h6 style=\"text-align: center;\"><\/h6>\n<h6 style=\"text-align: center;\"><\/h6>\n<p>&nbsp;<\/p>\n<div id=\"attachment_22893\" style=\"width: 564px\" class=\"wp-caption aligncenter\"><a href=\"http:\/\/eva-vautier.com\/wp-content\/uploads\/2014\/09\/visueldavid2.jpg\"><img loading=\"lazy\" decoding=\"async\" aria-describedby=\"caption-attachment-22893\" class=\"wp-image-22893 \" src=\"http:\/\/eva-vautier.com\/wp-content\/uploads\/2014\/09\/visueldavid2.jpg\" alt=\"\" width=\"554\" height=\"369\" \/><\/a><p id=\"caption-attachment-22893\" class=\"wp-caption-text\">David Ancelin, &#8220;Deep blue&#8221;, 2013, Vid\u00e9o 3D en boucle, \u00e9cran plat 3D, socle<\/p><\/div>\n<h6 style=\"text-align: center;\"><\/h6>\n<h6 style=\"text-align: center;\"><\/h6>\n<p>&nbsp;<\/p>\n<div id=\"attachment_22888\" style=\"width: 857px\" class=\"wp-caption aligncenter\"><a href=\"http:\/\/eva-vautier.com\/wp-content\/uploads\/2014\/10\/visueldavid3.jpg\"><img loading=\"lazy\" decoding=\"async\" aria-describedby=\"caption-attachment-22888\" class=\"wp-image-22888 \" src=\"http:\/\/eva-vautier.com\/wp-content\/uploads\/2014\/10\/visueldavid3.jpg\" alt=\"\" width=\"847\" height=\"183\" srcset=\"https:\/\/eva-vautier.com\/wp-content\/uploads\/2014\/10\/visueldavid3.jpg 1000w, https:\/\/eva-vautier.com\/wp-content\/uploads\/2014\/10\/visueldavid3-800x173.jpg 800w, https:\/\/eva-vautier.com\/wp-content\/uploads\/2014\/10\/visueldavid3-64x14.jpg 64w, https:\/\/eva-vautier.com\/wp-content\/uploads\/2014\/10\/visueldavid3-300x65.jpg 300w, https:\/\/eva-vautier.com\/wp-content\/uploads\/2014\/10\/visueldavid3-768x166.jpg 768w, https:\/\/eva-vautier.com\/wp-content\/uploads\/2014\/10\/visueldavid3-260x56.jpg 260w, https:\/\/eva-vautier.com\/wp-content\/uploads\/2014\/10\/visueldavid3-50x11.jpg 50w, https:\/\/eva-vautier.com\/wp-content\/uploads\/2014\/10\/visueldavid3-150x32.jpg 150w\" sizes=\"auto, (max-width:767px) 480px, (max-width:847px) 100vw, 847px\" \/><\/a><p id=\"caption-attachment-22888\" class=\"wp-caption-text\">David Ancelin, &#8220;Bleu, Vert, Jaune, Orange, Rouge&#8221;, S\u00e9rie Electric City, 2013, 50 x 50 cm Acrylique sur toile, S\u00e9rie indivisible<\/p><\/div>\n<h6 style=\"text-align: center;\"><\/h6>\n<h6 style=\"text-align: center;\"><\/h6>\n<p>&nbsp;<\/p>\n<div id=\"attachment_23503\" style=\"width: 419px\" class=\"wp-caption aligncenter\"><a href=\"http:\/\/eva-vautier.com\/wp-content\/uploads\/2015\/02\/_mg_7661.jpg\"><img loading=\"lazy\" decoding=\"async\" aria-describedby=\"caption-attachment-23503\" class=\"wp-image-23503\" src=\"http:\/\/eva-vautier.com\/wp-content\/uploads\/2015\/02\/_mg_7661.jpg\" alt=\"David Ancelin,&quot;The Mountain&quot;, S\u00e9rie CMYK , 2014, 100 x 70 cm, S\u00e9rigraphie sur verre recto verso, Pi\u00e8ce unique\" width=\"409\" height=\"286\" srcset=\"https:\/\/eva-vautier.com\/wp-content\/uploads\/2015\/02\/_mg_7661.jpg 2000w, https:\/\/eva-vautier.com\/wp-content\/uploads\/2015\/02\/_mg_7661-800x560.jpg 800w, https:\/\/eva-vautier.com\/wp-content\/uploads\/2015\/02\/_mg_7661-64x45.jpg 64w, https:\/\/eva-vautier.com\/wp-content\/uploads\/2015\/02\/_mg_7661-300x210.jpg 300w, https:\/\/eva-vautier.com\/wp-content\/uploads\/2015\/02\/_mg_7661-1024x716.jpg 1024w, https:\/\/eva-vautier.com\/wp-content\/uploads\/2015\/02\/_mg_7661-768x537.jpg 768w, https:\/\/eva-vautier.com\/wp-content\/uploads\/2015\/02\/_mg_7661-1536x1074.jpg 1536w, https:\/\/eva-vautier.com\/wp-content\/uploads\/2015\/02\/_mg_7661-209x146.jpg 209w, https:\/\/eva-vautier.com\/wp-content\/uploads\/2015\/02\/_mg_7661-50x35.jpg 50w, https:\/\/eva-vautier.com\/wp-content\/uploads\/2015\/02\/_mg_7661-107x75.jpg 107w\" sizes=\"auto, (max-width:767px) 409px, 409px\" \/><\/a><p id=\"caption-attachment-23503\" class=\"wp-caption-text\">David Ancelin,&#8221;The Mountain&#8221;, S\u00e9rie CMYK , 2014, 100 x 70 cm, S\u00e9rigraphie sur verre recto verso, Pi\u00e8ce unique<\/p><\/div>\n<div id=\"attachment_23495\" style=\"width: 397px\" class=\"wp-caption aligncenter\"><a href=\"http:\/\/eva-vautier.com\/wp-content\/uploads\/2015\/02\/_mg_7650.jpg\"><img loading=\"lazy\" decoding=\"async\" aria-describedby=\"caption-attachment-23495\" class=\" wp-image-23495\" src=\"http:\/\/eva-vautier.com\/wp-content\/uploads\/2015\/02\/_mg_7650.jpg\" alt=\"David Ancelin, &quot;Sans titre&quot;, S\u00e9rie Marble sea, 2013, 100 x 70 cm , S\u00e9rigraphie gratt\u00e9e sur miroir , Pi\u00e8ce unique \" width=\"387\" height=\"278\" srcset=\"https:\/\/eva-vautier.com\/wp-content\/uploads\/2015\/02\/_mg_7650.jpg 2000w, https:\/\/eva-vautier.com\/wp-content\/uploads\/2015\/02\/_mg_7650-800x574.jpg 800w, https:\/\/eva-vautier.com\/wp-content\/uploads\/2015\/02\/_mg_7650-64x46.jpg 64w, https:\/\/eva-vautier.com\/wp-content\/uploads\/2015\/02\/_mg_7650-300x215.jpg 300w, https:\/\/eva-vautier.com\/wp-content\/uploads\/2015\/02\/_mg_7650-1024x735.jpg 1024w, https:\/\/eva-vautier.com\/wp-content\/uploads\/2015\/02\/_mg_7650-768x551.jpg 768w, https:\/\/eva-vautier.com\/wp-content\/uploads\/2015\/02\/_mg_7650-1536x1103.jpg 1536w, https:\/\/eva-vautier.com\/wp-content\/uploads\/2015\/02\/_mg_7650-203x146.jpg 203w, https:\/\/eva-vautier.com\/wp-content\/uploads\/2015\/02\/_mg_7650-50x36.jpg 50w, https:\/\/eva-vautier.com\/wp-content\/uploads\/2015\/02\/_mg_7650-104x75.jpg 104w\" sizes=\"auto, (max-width:767px) 387px, 387px\" \/><\/a><p id=\"caption-attachment-23495\" class=\"wp-caption-text\">David Ancelin, &#8220;Sans titre&#8221;, S\u00e9rie Marble sea, 2013, 100 x 70 cm , S\u00e9rigraphie gratt\u00e9e sur miroir , Pi\u00e8ce unique<\/p><\/div>\n<h6 style=\"text-align: center;\"><\/h6>\n<p>[\/vc_column_text][\/vc_tab][vc_tab title=&#8221;BIOGRAPHIE&#8221; tab_id=&#8221;1410959496581-2-133f7-6b51&#8243;][vc_column_text css=&#8221;.vc_custom_1423823850924{margin-left: 50px !important;}&#8221;]<\/p>\n<div id=\"pu14899-7\" class=\"clearfix colelem\">\n<div id=\"u15633-4\" class=\"clearfix grpelem\" data-ice-editable=\"html\" data-ice-options=\"disableImageResize,none\" data-muse-uid=\"U15633\">\n<div id=\"pu30878-3\" class=\"clearfix colelem\">\n<div id=\"u30958-25\" class=\"clearfix grpelem\" data-ice-editable=\"html\" data-ice-options=\"disableImageResize,none\" data-muse-uid=\"U30958\">\n<p style=\"text-align: justify;\"><strong>David ANCELIN<\/strong><\/p>\n<p style=\"text-align: justify;\">n\u00e9 en 1978, \u00e0 Rennes<br \/>\nVit et travaille \u00e0 Paris<\/p>\n<p style=\"text-align: justify;\"><strong>EXPOSITIONS<\/strong><\/p>\n<p style=\"text-align: justify;\"><strong>EXPOSITIONS INDIVIDUELLES<\/strong><\/p>\n<p style=\"text-align: justify;\">2014<br \/>\n\u2022 O Sole Mio, Galerie Eva Vautier, Nice<br \/>\n\u2022 Born Loser, invitation de Jagna Ciuchta, Glassbox, Paris<\/p>\n<p style=\"text-align: justify;\">2013<br \/>\n\u2022 Smog by night, Jiali Gallery, Beijing, China<\/p>\n<p style=\"text-align: justify;\">2010<br \/>\n\u2022 One way ticket, Standards, espace d&#8217;exposition, Rennes<br \/>\n\u2022 Nuances Tropicales, Galerie Olivier Robert, Paris<br \/>\n\u2022 Free Entrance, Galerie a. Nice<\/p>\n<p style=\"text-align: justify;\">2008<br \/>\n\u2022 Flipper, Monnaie de Paris, en collaboration avec le Palais de Tokyo et la Galerie Olivier Robert, Paris<br \/>\n\u2022 No duck, RDF Galerie, Nice<br \/>\n\u2022 Opening (ou les aventures de l&#8217;espace), Galerie Olivier Robert, Paris<\/p>\n<p style=\"text-align: justify;\">2007<br \/>\n\u2022 M, nouvelles du monde renvers\u00e9, Module I, Palais de Tokyo Paris<\/p>\n<p style=\"text-align: justify;\">2006<br \/>\n\u2022 Galerie de l&#8217;espace Diderot, Association Tripode, Nantes<\/p>\n<p style=\"text-align: justify;\"><strong>EXPOSITIONS COLLECTIVES<\/strong><\/p>\n<p style=\"text-align: justify;\">2015<br \/>\n\u2022 A une ann\u00e9e lumi\u00e8re, Galerie Eva Vautier, Nice<\/p>\n<p style=\"text-align: justify;\">2014<br \/>\n\u2022 Commissariat pour un arbre #5, invitation de Mathieu Mercier, Piac\u00e9 Le Radieux<br \/>\n\u2022 French Riviera, invitation de Documents d&#8217;artistes, In Extenso, Clermont Ferrand<\/p>\n<p style=\"text-align: justify;\">2013<br \/>\n\u2022 Push your art, Palais de Tokyo, Paris<br \/>\n\u2022 Saison 17, La Station, Lieu commun, Toulouse<br \/>\n\u2022 La petite collection de No\u00ebl et Loupio Dolla, Villa Arson, Nice<br \/>\n\u2022 Commissariat pour un arbre #4, invitation de Mathieu Mercier, Vitrine du Parlement, Bordeaux<br \/>\n\u2022 Premi\u00e8re fois, Point de fuite, Toulouse<\/p>\n<p style=\"text-align: justify;\">2012<br \/>\n\u2022 Commissariat pour un arbre #2, invitation de Mathieu Mercier, Club 7.5, Paris<br \/>\n\u2022 Commissariat pour un arbre #1, invitation de Mathieu Mercier, Village Royal, Paris<\/p>\n<p style=\"text-align: justify;\">2011<br \/>\n\u2022 L&#8217;art contemporain et la c\u00f4te d&#8217;azur, un territoire pour l&#8217;exp\u00e9rimentation 1951-2011, Mougins<br \/>\n\u2022 Urevei E Ruvei, Castello della Lucertola, Apricale, Italie<br \/>\n\u2022 100 dessins contre la guerre du Vietnam, Le Commissariat, Paris<br \/>\n\u2022 100 dessins contre la guerre du Vietnam, Komplot, Bruxelles<\/p>\n<p style=\"text-align: justify;\">2009<br \/>\n\u2022 Phase z\u00e9ro, invitation du CNES \/ Observatoire de l&#8217;espace, Galerie Serge Aboukrat, Paris<br \/>\n\u2022 Indisciplines, Le Dojo, Nice<\/p>\n<p style=\"text-align: justify;\">2008<br \/>\n\u2022 Show Off, Espace Pierre Cardin ,Galerie Olivier Robert, Paris<br \/>\n\u2022 La Station, Module 1, Palais de Tokyo, Paris<br \/>\n\u2022 Salon du dessin, Galerie Olivier Robert, Paris<br \/>\n\u2022 Still lovin&#8217; you, Galerie de la Marine, Nice<br \/>\n\u2022 Que le nouveau \u00e9merge de l&#8217;ancien, A.C.M.C.M. Centre d&#8217;art contemporain, Perpignan<br \/>\n\u2022 45 mile Baci From Bubaque, Bubaque Lodge des Dauphins Archipel, Guin\u00e9e Bissao<br \/>\n\u2022 Maison du Livre, de l&#8217;Image et du Son Fran\u00e7ois Mitterrand, La Station, Villeurbanne<br \/>\n\u2022 La Station, Module I, Palais de Tokyo, Paris\u20282008<br \/>\n\u2022 Still lovin&#8217; you, Galerie de la Marine, Nice<br \/>\n\u2022 45 mile Baci From Bubaque, invitation de No\u00ebl Dolla, Guin\u00e9e Bissao, Afrique<br \/>\n\u2022 Subito, Castello della Lucertola, La Station, Apricale, Italie<br \/>\n\u2022 Maison du Livre, de l&#8217;Image et du Son Fran\u00e7ois Mitterrand, La Station, Villeurbann<\/p>\n<p style=\"text-align: justify;\">2007<br \/>\n\u2022 IRL, La Station \/ Galerie-appartement Interface, Dijon<\/p>\n<p style=\"text-align: justify;\">2006<br \/>\n\u2022 De l&#8217;Art co\u00fbte que co\u00fbte, la Station \/ Galerie RLBQ, Marseille<br \/>\n\u2022 L&#8217;Egosyst\u00e8me, La Station \/ Confort Moderne, Poitiers<\/p>\n<p style=\"text-align: justify;\">2005<br \/>\n\u2022 Le Dojo,Nice<br \/>\n\u2022 G\u00e9n\u00e9ration 2005, Galerie de la Marine, Nice<br \/>\n\u2022 L&#8217;Ic\u00f4ne, Nice<\/p>\n<p style=\"text-align: justify;\">2004<br \/>\n\u2022 Wagram, Nice<br \/>\n\u2022 Wagram, Nice<\/p>\n<p style=\"text-align: justify;\">2003<br \/>\n\u2022 Lee Tau Cety 3 Central Armory Show, Centre d&#8217;Art Contemporain Villa Arson, Nice<\/p>\n<p style=\"text-align: justify;\"><strong>AUTRES PRODUCTIONS, AIDES, ACQUISITIONS<\/strong><\/p>\n<p style=\"text-align: justify;\"><strong>AIDES, PRIX, R\u00c9SIDENCES<\/strong><\/p>\n<p style=\"text-align: justify;\">2013<br \/>\n\u2022 Workshop Villa Arson, Nice<br \/>\n\u2022 Macumba Palace, commissariat avec Jacques Julien, Tobias Kaspar, Mathieu Mercier, Bruno Peinado, Marine Semeria, C\u00e9dric Teisseire et David de Tscharner, Institut sup\u00e9rieur des arts de Toulouse<br \/>\n\u2022 Finaliste Push your art, Palais de Tokyo, Paris<\/p>\n<p style=\"text-align: justify;\">2012<br \/>\n\u2022 R\u00e9sidence Cit\u00e9 Internationale des Arts, Paris<br \/>\n\u2022 Aide Individuelle \u00e0 la cr\u00e9ation DRAC PACA<br \/>\n\u2022 Commissariat d&#8217;expositions et productions d&#8217;\u00e9ditions en s\u00e9rigraphies<\/p>\n<p style=\"text-align: justify;\">2011<br \/>\n\u2022 Assistant biennale de Dublin, commissaires Jota Castro et Christian Viveros-Faun\u00e9, Irlande<br \/>\n\u2022 Assistant Eric Duyckaerts, Mac\/Val, Vitry s\/Seine<br \/>\n\u2022 Cr\u00e9ation d&#8217;un atelier de gravure, Nice<br \/>\n\u2022 Intervention Lyc\u00e9e Amiral de Grasse, FRAC PACA<\/p>\n<p style=\"text-align: justify;\">2010<br \/>\n\u2022 Cr\u00e9ation d&#8217;un espace d&#8217;exposition, Macumba night club, Nice<br \/>\n\u2022 Atelier UEAJ V\u00e9ran \u00ad Villa Arson Nice<\/p>\n<p style=\"text-align: justify;\">2009<br \/>\n\u2022 Art-0-Rama, Galerie Olivier Robert, Marseille<br \/>\n\u2022 Allocation de recherche en France ou \u00e0 l&#8217;\u00e9tranger Centre National des Arts Plastiques<br \/>\n\u2022 R\u00e9sidence-atelier, \u00abRencontres du 3\u00e8me type\u00bb, Confort Moderne, Poitiers<br \/>\n\u2022 R\u00e9sidence-atelier, \u00abIci et ailleurs\u00bb, Confort Moderne, Poitiers<br \/>\n\u2022 R\u00e9sidence-atelier, ,\u00abBon baisers de &#8230;\u00bb, Confort Moderne Poitiers<br \/>\n\u2022 Atelier UEAJ V\u00e9ran &#8211; Villa Arson Nice<\/p>\n<p style=\"text-align: justify;\">2008<br \/>\n\u2022 R\u00e9sidence Deivarte Deiva Marina Italie<br \/>\n\u2022 Atelier UEAJ V\u00e9ran &#8211; Villa Arson Nice<\/p>\n<p style=\"text-align: justify;\">2007<br \/>\n\u2022 Aide Individuelle \u00e0 la cr\u00e9ation Drac Paca<\/p>\n<p style=\"text-align: justify;\">2006<br \/>\n\u2022 (depuis 2006) Double Vision Editions, atelier de s\u00e9rigraphie et d&#8217;\u00e9ditions d&#8217;artistes (Axel Hubert, Eric Duyckaerts, Heimo Zobernig, No\u00ebl Dolla&#8230;)<\/p>\n<p style=\"text-align: justify;\"><strong>COLLECTIONS PUBLIQUES ET PRIV\u00c9ES<\/strong><br \/>\n\u2022 Collection Mamco, Gen\u00e8ve<\/p>\n<p style=\"text-align: justify;\">\u2022 Pr\u00e9sence dans des collections priv\u00e9es<\/p>\n<p style=\"text-align: justify;\"><strong>BIBLIOGRAPHIE<\/strong><\/p>\n<p style=\"text-align: justify;\"><strong>CATALOGUES INDIVIDUELS<\/strong><\/p>\n<p style=\"text-align: justify;\">2013<br \/>\n\u2022 Smog by night, Jiali Gallery, Beijing, China<\/p>\n<p style=\"text-align: justify;\">2010<br \/>\n\u2022 One way ticket, Standards, espace d&#8217;exposition, Rennes<br \/>\n\u2022 Free Entrance, texte de Benjamin Bianciotto, Galerie a., \u00e9dition Ville de Nice, 2009<\/p>\n<p style=\"text-align: justify;\">2007<br \/>\n\u2022 M, nouvelles du monde renvers\u00e9, invitation de Anthony Huberman, Palais de Tokyo, Paris<\/p>\n<p style=\"text-align: justify;\"><strong>CATALOGUES COLLECTIFS<\/strong><\/p>\n<p style=\"text-align: justify;\">2011<br \/>\n\u2022 L&#8217;art contemporain et la c\u00f4te d&#8217;azur, un territoire pour l&#8217;exp\u00e9rimentation 1951-2011, Mougins<\/p>\n<p style=\"text-align: justify;\">2009<br \/>\n\u2022 Phase Z\u00e9ro, \u00e9dition Galerie Serge Aboukrat, Paris, 2009<\/p>\n<p style=\"text-align: justify;\">2008<br \/>\n\u2022 Still Lovin&#8217; You, Galerie de la Marine, Nice<br \/>\n\u2022 Du Yodel \u00e0 la physique quantique&#8230;, Volume 1, Archibook, Palais de Tokyo, Paris<\/p>\n<p style=\"text-align: justify;\">2007<br \/>\n\u2022 \u00abM, nouvelles du monde renvers\u00e9\u00bb Module I, Palais de Tokyo, 2007<br \/>\n\u2022 L&#8217;\u00e9gosyst\u00e8me 10 ans de La Station au Confort Moderne, catalogue, texte par Guillaume Desanges, Confort Moderne \/ La Station, Poitier \/ Nice<\/p>\n<p style=\"text-align: justify;\">2005<br \/>\n\u2022 G\u00e9n\u00e9ration 2005, \u00e9dition Villa Arson, Nice<\/p>\n<p style=\"text-align: justify;\">2003<br \/>\n\u2022 Lee Tau Cety 3 Central Armory Show, \u00e9dition Villa Arson, Nice<\/p>\n<p style=\"text-align: justify;\"><strong>ARTICLES DE PRESSE, DE REVUES<\/strong><\/p>\n<p style=\"text-align: justify;\">2008<br \/>\n\u2022 Affiche s\u00e9rigraphi\u00e9e, Page blanche #1- une invitation \u00e0 David Ancelin pour Documentsd&#8217;artistes, in 02 n\u00b048, hivers 2008<br \/>\n\u2022 Diane Pigeau, in La strada n\u00b090, 2008<br \/>\n\u2022 Guillaume Mansart, in &#8220;04&#8221; n\u00b02, 2008<\/p>\n<p style=\"text-align: justify;\">2007<br \/>\n\u2022 in Palais, revue du Palais de Tokyo n\u00b02, 2007<br \/>\n\u2022 Claire Moul\u00e8ne, in Les Inrockuptibles n\u00b0 585, 2007<br \/>\n\u2022 G\u00e9rard Lefort, in Lib\u00e9ration n\u00b0 8027, 2007<\/p>\n<p style=\"text-align: justify;\">2006<br \/>\n\u2022 Frederic Emprou, in Revue 303 deuxi\u00e8me trimestre, 2006<br \/>\n\u2022 Christophe Cesbron in Pil, site internet<\/p>\n<p style=\"text-align: justify;\"><strong>CV<\/strong><\/p>\n<p style=\"text-align: justify;\"><strong>\u00c9COLES, FORMATIONS<\/strong><\/p>\n<p style=\"text-align: justify;\">2005<br \/>\n\u2022 DNSEP, Villa Arson, Nice<\/p>\n<p style=\"text-align: justify;\"><strong>PARTICIPATION \u00c0 DES COLLECTIFS, ASSOCIATIONS<\/strong><\/p>\n<p style=\"text-align: justify;\">2006 \u00e0 2009 Membre actif de la Station, espace d&#8217;expositions, Nice<\/p>\n<p style=\"text-align: justify;\">2006 Cr\u00e9ation d&#8217;un atelier de s\u00e9rigraphie, Nice (\u00e9ditions d&#8217;Eric Duyckaerts, Zora Mann, Vincent Ganivet, Axel Huber, Heimo Zobernig, Pierre Malphettes, Michel de Broin, No\u00ebl Dolla, Boris Chouvellon, Virginie Le Touze, Sandra D. Lecoq, Julien Bouillon, St\u00e9phane Steiner, Xavier Theunis&#8230;)<\/p>\n<p style=\"text-align: justify;\"><strong>AUTRES ACTIVIT\u00c9S PROFESSIONNELLES<\/strong><\/p>\n<p style=\"text-align: justify;\">2011 Assistant biennale de Dublin, commissaires Jota Castro et Christian Viveros-Faun\u00e9, Irlande<br \/>\n2011 Assistant Eric Duyckaerts, Mac\/Val, Vitry s\/Seine<br \/>\n2011 Cr\u00e9ation d&#8217;un atelier de gravure, Nice<br \/>\n2011 Intervention Lyc\u00e9e Amiral de Grasse, Frac Paca<br \/>\n2010 Cr\u00e9ation d&#8217;un espace d&#8217;exposition, Macumba night club, Nice<br \/>\n2010 Atelier UEAJ \/ DRAC \/ Villa Arson, Nice<br \/>\n2009 Art-0-Rama, Galerie Olivier Robert, Marseille<br \/>\n2007 Assistant Eric Duyckaerts, biennale de Venise, Italie<br \/>\n2007 Assistant Eric Duyckaerts, Galerie Emmanuel Perrotin, Paris<br \/>\n2006 Assistant exposition New York, New York, commissaire Germano Celant, Monaco<br \/>\n2006 Assistant Philippe Parreno, Galerie Air de Paris, Nice<\/p>\n<\/div>\n<\/div>\n<\/div>\n<\/div>\n<p>[\/vc_column_text][\/vc_tab][vc_tab title=&#8221;DOCUMENTATION EXTERNE&#8221; tab_id=&#8221;1410959544887-4-033f7-6b51&#8243;][vc_column_text]<strong>Site personnel :<\/strong><\/p>\n<p><a href=\"http:\/\/davidancelin.free.fr\">http:\/\/davidancelin.free.fr<\/a><\/p>\n<p>&nbsp;<\/p>\n<p><a href=\"http:\/\/documentsdartistes.org\/artistes\/ancelin\/page1.html\">http:\/\/documentsdartistes.org\/artistes\/ancelin\/page1.html<\/a>[\/vc_column_text][\/vc_tab][vc_tab title=&#8221;EXPOSITION \u00c0 LA GALERIE&#8221; tab_id=&#8221;1411151051275-5-133f7-6b51&#8243;][vc_column_text]<\/p>\n<p style=\"text-align: center;\"><b>O sole mio<\/b><\/p>\n<div class=\"page\" title=\"Page 1\">\n<div class=\"layoutArea\">\n<div class=\"column\">\n<p style=\"text-align: center;\">Exposition du 1er avril au 3 mai<\/p>\n<p>&nbsp;<\/p>\n<p><a href=\"http:\/\/eva-vautier.com\/ARTISTE\/o-sole-mio\/\" target=\"_blank\" rel=\"noopener\"><img loading=\"lazy\" decoding=\"async\" class=\"size-medium wp-image-22239 aligncenter\" src=\"http:\/\/eva-vautier.com\/wp-content\/uploads\/2014\/09\/affiche.jpg\" alt=\"AFFICHE\" width=\"214\" height=\"300\" srcset=\"https:\/\/eva-vautier.com\/wp-content\/uploads\/2014\/09\/affiche.jpg 400w, https:\/\/eva-vautier.com\/wp-content\/uploads\/2014\/09\/affiche-64x90.jpg 64w, https:\/\/eva-vautier.com\/wp-content\/uploads\/2014\/09\/affiche-214x300.jpg 214w, https:\/\/eva-vautier.com\/wp-content\/uploads\/2014\/09\/affiche-104x146.jpg 104w, https:\/\/eva-vautier.com\/wp-content\/uploads\/2014\/09\/affiche-36x50.jpg 36w, https:\/\/eva-vautier.com\/wp-content\/uploads\/2014\/09\/affiche-54x75.jpg 54w\" sizes=\"auto, (max-width:767px) 214px, 214px\" \/><\/a><\/p>\n<\/div>\n<\/div>\n<\/div>\n<p>[\/vc_column_text][\/vc_tab][vc_tab title=&#8221;ECHOS DE LA PRESSE&#8221; tab_id=&#8221;1416412996658-6-2&#8243;][vc_gallery type=&#8221;image_grid&#8221; interval=&#8221;3&#8243; images=&#8221;70349,70324,70347,70351,70348,70350&#8243; onclick=&#8221;link_image&#8221; custom_links_target=&#8221;_self&#8221; column_number=&#8221;2&#8243; grayscale=&#8221;no&#8221; choose_frame=&#8221;default&#8221; img_size=&#8221;large&#8221;][\/vc_tab][\/vc_tabs][\/vc_column][\/vc_row][vc_row][vc_column width=&#8221;1\/1&#8243;][vc_column_text][\/vc_column][\/vc_row]<\/p>\n","protected":false},"excerpt":{"rendered":"<p><span class=\"excerpt-hellip\"> [\u2026]<\/span><\/p>\n","protected":false},"author":1,"featured_media":0,"menu_order":0,"comment_status":"open","ping_status":"open","template":"","meta":[],"portfolio-types":[],"class_list":["post-81459","portfolio","type-portfolio","status-publish","hentry"],"yoast_head":"<!-- This site is optimized with the Yoast SEO plugin v27.5 - https:\/\/yoast.com\/product\/yoast-seo-wordpress\/ -->\n<title>David Ancelin ~ Galerie Eva Vautier<\/title>\n<meta name=\"robots\" content=\"index, follow, max-snippet:-1, max-image-preview:large, max-video-preview:-1\" \/>\n<link rel=\"canonical\" href=\"https:\/\/eva-vautier.com\/en\/portfolio-item\/david-ancelin\/\" \/>\n<meta property=\"og:locale\" content=\"en_US\" \/>\n<meta property=\"og:type\" content=\"article\" \/>\n<meta property=\"og:title\" content=\"David Ancelin ~ Galerie Eva Vautier\" \/>\n<meta property=\"og:description\" content=\"[\u2026]\" \/>\n<meta property=\"og:url\" content=\"https:\/\/eva-vautier.com\/en\/portfolio-item\/david-ancelin\/\" \/>\n<meta property=\"og:site_name\" content=\"Galerie Eva Vautier\" \/>\n<meta property=\"article:publisher\" content=\"https:\/\/www.facebook.com\/evavautier\/\" \/>\n<meta property=\"article:modified_time\" content=\"2023-04-12T08:54:35+00:00\" \/>\n<meta property=\"og:image\" content=\"http:\/\/eva-vautier.com\/wp-content\/uploads\/2015\/02\/Sans-titre-114.jpg\" \/>\n<meta name=\"twitter:card\" content=\"summary_large_image\" \/>\n<meta name=\"twitter:site\" content=\"@EvaVautier\" \/>\n<meta name=\"twitter:label1\" content=\"Est. reading time\" \/>\n\t<meta name=\"twitter:data1\" content=\"9 minutes\" \/>\n<script type=\"application\/ld+json\" class=\"yoast-schema-graph\">{\"@context\":\"https:\\\/\\\/schema.org\",\"@graph\":[{\"@type\":\"WebPage\",\"@id\":\"https:\\\/\\\/eva-vautier.com\\\/en\\\/portfolio-item\\\/david-ancelin\\\/\",\"url\":\"https:\\\/\\\/eva-vautier.com\\\/en\\\/portfolio-item\\\/david-ancelin\\\/\",\"name\":\"David Ancelin ~ Galerie Eva Vautier\",\"isPartOf\":{\"@id\":\"https:\\\/\\\/eva-vautier.com\\\/en\\\/#website\"},\"primaryImageOfPage\":{\"@id\":\"https:\\\/\\\/eva-vautier.com\\\/en\\\/portfolio-item\\\/david-ancelin\\\/#primaryimage\"},\"image\":{\"@id\":\"https:\\\/\\\/eva-vautier.com\\\/en\\\/portfolio-item\\\/david-ancelin\\\/#primaryimage\"},\"thumbnailUrl\":\"http:\\\/\\\/eva-vautier.com\\\/wp-content\\\/uploads\\\/2015\\\/02\\\/Sans-titre-114.jpg\",\"datePublished\":\"2023-03-13T17:44:25+00:00\",\"dateModified\":\"2023-04-12T08:54:35+00:00\",\"inLanguage\":\"en-US\",\"potentialAction\":[{\"@type\":\"ReadAction\",\"target\":[\"https:\\\/\\\/eva-vautier.com\\\/en\\\/portfolio-item\\\/david-ancelin\\\/\"]}]},{\"@type\":\"ImageObject\",\"inLanguage\":\"en-US\",\"@id\":\"https:\\\/\\\/eva-vautier.com\\\/en\\\/portfolio-item\\\/david-ancelin\\\/#primaryimage\",\"url\":\"http:\\\/\\\/eva-vautier.com\\\/wp-content\\\/uploads\\\/2015\\\/02\\\/Sans-titre-114.jpg\",\"contentUrl\":\"http:\\\/\\\/eva-vautier.com\\\/wp-content\\\/uploads\\\/2015\\\/02\\\/Sans-titre-114.jpg\"},{\"@type\":\"WebSite\",\"@id\":\"https:\\\/\\\/eva-vautier.com\\\/en\\\/#website\",\"url\":\"https:\\\/\\\/eva-vautier.com\\\/en\\\/\",\"name\":\"Galerie Eva Vautier\",\"description\":\"Galerie d&#039;art contemporain\",\"publisher\":{\"@id\":\"https:\\\/\\\/eva-vautier.com\\\/en\\\/#organization\"},\"potentialAction\":[{\"@type\":\"SearchAction\",\"target\":{\"@type\":\"EntryPoint\",\"urlTemplate\":\"https:\\\/\\\/eva-vautier.com\\\/en\\\/?s={search_term_string}\"},\"query-input\":{\"@type\":\"PropertyValueSpecification\",\"valueRequired\":true,\"valueName\":\"search_term_string\"}}],\"inLanguage\":\"en-US\"},{\"@type\":\"Organization\",\"@id\":\"https:\\\/\\\/eva-vautier.com\\\/en\\\/#organization\",\"name\":\"Galerie Eva Vautier\",\"url\":\"https:\\\/\\\/eva-vautier.com\\\/en\\\/\",\"logo\":{\"@type\":\"ImageObject\",\"inLanguage\":\"en-US\",\"@id\":\"https:\\\/\\\/eva-vautier.com\\\/en\\\/#\\\/schema\\\/logo\\\/image\\\/\",\"url\":\"http:\\\/\\\/eva-vautier.com\\\/wp-content\\\/uploads\\\/2018\\\/09\\\/logo-galerie-illustrator-04-1.png\",\"contentUrl\":\"http:\\\/\\\/eva-vautier.com\\\/wp-content\\\/uploads\\\/2018\\\/09\\\/logo-galerie-illustrator-04-1.png\",\"width\":200,\"height\":24,\"caption\":\"Galerie Eva Vautier\"},\"image\":{\"@id\":\"https:\\\/\\\/eva-vautier.com\\\/en\\\/#\\\/schema\\\/logo\\\/image\\\/\"},\"sameAs\":[\"https:\\\/\\\/www.facebook.com\\\/evavautier\\\/\",\"https:\\\/\\\/x.com\\\/EvaVautier\",\"https:\\\/\\\/www.instagram.com\\\/galerieevavautier\\\/\"]}]}<\/script>\n<!-- \/ Yoast SEO plugin. -->","yoast_head_json":{"title":"David Ancelin ~ Galerie Eva Vautier","robots":{"index":"index","follow":"follow","max-snippet":"max-snippet:-1","max-image-preview":"max-image-preview:large","max-video-preview":"max-video-preview:-1"},"canonical":"https:\/\/eva-vautier.com\/en\/portfolio-item\/david-ancelin\/","og_locale":"en_US","og_type":"article","og_title":"David Ancelin ~ Galerie Eva Vautier","og_description":"[\u2026]","og_url":"https:\/\/eva-vautier.com\/en\/portfolio-item\/david-ancelin\/","og_site_name":"Galerie Eva Vautier","article_publisher":"https:\/\/www.facebook.com\/evavautier\/","article_modified_time":"2023-04-12T08:54:35+00:00","og_image":[{"url":"http:\/\/eva-vautier.com\/wp-content\/uploads\/2015\/02\/Sans-titre-114.jpg","type":"","width":"","height":""}],"twitter_card":"summary_large_image","twitter_site":"@EvaVautier","twitter_misc":{"Est. reading time":"9 minutes"},"schema":{"@context":"https:\/\/schema.org","@graph":[{"@type":"WebPage","@id":"https:\/\/eva-vautier.com\/en\/portfolio-item\/david-ancelin\/","url":"https:\/\/eva-vautier.com\/en\/portfolio-item\/david-ancelin\/","name":"David Ancelin ~ Galerie Eva Vautier","isPartOf":{"@id":"https:\/\/eva-vautier.com\/en\/#website"},"primaryImageOfPage":{"@id":"https:\/\/eva-vautier.com\/en\/portfolio-item\/david-ancelin\/#primaryimage"},"image":{"@id":"https:\/\/eva-vautier.com\/en\/portfolio-item\/david-ancelin\/#primaryimage"},"thumbnailUrl":"http:\/\/eva-vautier.com\/wp-content\/uploads\/2015\/02\/Sans-titre-114.jpg","datePublished":"2023-03-13T17:44:25+00:00","dateModified":"2023-04-12T08:54:35+00:00","inLanguage":"en-US","potentialAction":[{"@type":"ReadAction","target":["https:\/\/eva-vautier.com\/en\/portfolio-item\/david-ancelin\/"]}]},{"@type":"ImageObject","inLanguage":"en-US","@id":"https:\/\/eva-vautier.com\/en\/portfolio-item\/david-ancelin\/#primaryimage","url":"http:\/\/eva-vautier.com\/wp-content\/uploads\/2015\/02\/Sans-titre-114.jpg","contentUrl":"http:\/\/eva-vautier.com\/wp-content\/uploads\/2015\/02\/Sans-titre-114.jpg"},{"@type":"WebSite","@id":"https:\/\/eva-vautier.com\/en\/#website","url":"https:\/\/eva-vautier.com\/en\/","name":"Galerie Eva Vautier","description":"Galerie d&#039;art contemporain","publisher":{"@id":"https:\/\/eva-vautier.com\/en\/#organization"},"potentialAction":[{"@type":"SearchAction","target":{"@type":"EntryPoint","urlTemplate":"https:\/\/eva-vautier.com\/en\/?s={search_term_string}"},"query-input":{"@type":"PropertyValueSpecification","valueRequired":true,"valueName":"search_term_string"}}],"inLanguage":"en-US"},{"@type":"Organization","@id":"https:\/\/eva-vautier.com\/en\/#organization","name":"Galerie Eva Vautier","url":"https:\/\/eva-vautier.com\/en\/","logo":{"@type":"ImageObject","inLanguage":"en-US","@id":"https:\/\/eva-vautier.com\/en\/#\/schema\/logo\/image\/","url":"http:\/\/eva-vautier.com\/wp-content\/uploads\/2018\/09\/logo-galerie-illustrator-04-1.png","contentUrl":"http:\/\/eva-vautier.com\/wp-content\/uploads\/2018\/09\/logo-galerie-illustrator-04-1.png","width":200,"height":24,"caption":"Galerie Eva Vautier"},"image":{"@id":"https:\/\/eva-vautier.com\/en\/#\/schema\/logo\/image\/"},"sameAs":["https:\/\/www.facebook.com\/evavautier\/","https:\/\/x.com\/EvaVautier","https:\/\/www.instagram.com\/galerieevavautier\/"]}]}},"_links":{"self":[{"href":"https:\/\/eva-vautier.com\/en\/wp-json\/wp\/v2\/portfolio\/81459","targetHints":{"allow":["GET"]}}],"collection":[{"href":"https:\/\/eva-vautier.com\/en\/wp-json\/wp\/v2\/portfolio"}],"about":[{"href":"https:\/\/eva-vautier.com\/en\/wp-json\/wp\/v2\/types\/portfolio"}],"author":[{"embeddable":true,"href":"https:\/\/eva-vautier.com\/en\/wp-json\/wp\/v2\/users\/1"}],"replies":[{"embeddable":true,"href":"https:\/\/eva-vautier.com\/en\/wp-json\/wp\/v2\/comments?post=81459"}],"wp:attachment":[{"href":"https:\/\/eva-vautier.com\/en\/wp-json\/wp\/v2\/media?parent=81459"}],"wp:term":[{"taxonomy":"portfolio-types","embeddable":true,"href":"https:\/\/eva-vautier.com\/en\/wp-json\/wp\/v2\/portfolio-types?post=81459"}],"curies":[{"name":"wp","href":"https:\/\/api.w.org\/{rel}","templated":true}]}}